{"id":36,"date":"2024-03-14T14:00:15","date_gmt":"2024-03-14T17:00:15","guid":{"rendered":"https:\/\/sistemascmc.ifam.edu.br\/informescmc\/?page_id=36"},"modified":"2025-02-26T11:24:05","modified_gmt":"2025-02-26T15:24:05","slug":"inicio","status":"publish","type":"page","link":"https:\/\/sistemascmc.ifam.edu.br\/informescmc\/","title":{"rendered":"Inicio"},"content":{"rendered":"\t\t<div data-elementor-type=\"wp-post\" data-elementor-id=\"36\" class=\"elementor elementor-36\">\n\t\t\t\t<div class=\"elementor-element elementor-element-7fb3fc3 e-con-full e-flex e-con e-parent\" data-id=\"7fb3fc3\" data-element_type=\"container\">\n\t\t\t\t<div class=\"elementor-element elementor-element-10bc0dd elementor-widget elementor-widget-image\" data-id=\"10bc0dd\" data-element_type=\"widget\" data-widget_type=\"image.default\">\n\t\t\t\t<div class=\"elementor-widget-container\">\n\t\t\t\t\t\t\t\t\t\t\t\t\t\t\t<img decoding=\"async\" width=\"300\" height=\"82\" src=\"https:\/\/sistemascmc.ifam.edu.br\/informescmc\/wp-content\/uploads\/2024\/03\/ifamcmc-300x82.png\" class=\"attachment-medium size-medium wp-image-26\" alt=\"\" srcset=\"https:\/\/sistemascmc.ifam.edu.br\/informescmc\/wp-content\/uploads\/2024\/03\/ifamcmc-300x82.png 300w, https:\/\/sistemascmc.ifam.edu.br\/informescmc\/wp-content\/uploads\/2024\/03\/ifamcmc-1024x281.png 1024w, https:\/\/sistemascmc.ifam.edu.br\/informescmc\/wp-content\/uploads\/2024\/03\/ifamcmc-768x211.png 768w, https:\/\/sistemascmc.ifam.edu.br\/informescmc\/wp-content\/uploads\/2024\/03\/ifamcmc-1536x421.png 1536w, https:\/\/sistemascmc.ifam.edu.br\/informescmc\/wp-content\/uploads\/2024\/03\/ifamcmc-2048x562.png 2048w\" sizes=\"(max-width: 300px) 100vw, 300px\" \/>\t\t\t\t\t\t\t\t\t\t\t\t\t\t\t<\/div>\n\t\t\t\t<\/div>\n\t\t\t\t<div class=\"elementor-element elementor-element-31e9b25 elementor-align-justify elementor-widget elementor-widget-button\" data-id=\"31e9b25\" data-element_type=\"widget\" data-widget_type=\"button.default\">\n\t\t\t\t<div class=\"elementor-widget-container\">\n\t\t\t\t\t\t\t\t\t<div class=\"elementor-button-wrapper\">\n\t\t\t\t\t<a class=\"elementor-button elementor-button-link elementor-size-sm elementor-animation-pulse\" href=\"http:\/\/www2.ifam.edu.br\/campus\/cmc\">\n\t\t\t\t\t\t<span class=\"elementor-button-content-wrapper\">\n\t\t\t\t\t\t\t\t\t<span class=\"elementor-button-text\">Not\u00edcias, Eventos e Editais, acesse: PORTAL IFAM-CMC<\/span>\n\t\t\t\t\t<\/span>\n\t\t\t\t\t<\/a>\n\t\t\t\t<\/div>\n\t\t\t\t\t\t\t\t<\/div>\n\t\t\t\t<\/div>\n\t\t\t\t<\/div>\n\t\t<div class=\"elementor-element elementor-element-a22c870 e-flex e-con-boxed e-con e-parent\" data-id=\"a22c870\" data-element_type=\"container\">\n\t\t\t\t\t<div class=\"e-con-inner\">\n\t\t<div class=\"elementor-element elementor-element-4648fc3 e-con-full e-flex e-con e-child\" data-id=\"4648fc3\" data-element_type=\"container\" data-settings=\"{&quot;background_background&quot;:&quot;classic&quot;}\">\n\t\t\t\t<div class=\"elementor-element elementor-element-4e3c8aa elementor-arrows-position-inside elementor-pagination-position-outside elementor-widget elementor-widget-image-carousel\" data-id=\"4e3c8aa\" data-element_type=\"widget\" data-settings=\"{&quot;slides_to_show&quot;:&quot;1&quot;,&quot;navigation&quot;:&quot;both&quot;,&quot;autoplay&quot;:&quot;yes&quot;,&quot;pause_on_hover&quot;:&quot;yes&quot;,&quot;pause_on_interaction&quot;:&quot;yes&quot;,&quot;autoplay_speed&quot;:5000,&quot;infinite&quot;:&quot;yes&quot;,&quot;effect&quot;:&quot;slide&quot;,&quot;speed&quot;:500}\" data-widget_type=\"image-carousel.default\">\n\t\t\t\t<div class=\"elementor-widget-container\">\n\t\t\t\t\t\t\t<div class=\"elementor-image-carousel-wrapper swiper\" role=\"region\" aria-roledescription=\"carousel\" aria-label=\"Carrossel de imagens\" dir=\"ltr\">\n\t\t\t<div class=\"elementor-image-carousel swiper-wrapper\" aria-live=\"off\">\n\t\t\t\t\t\t\t\t<div class=\"swiper-slide\" role=\"group\" aria-roledescription=\"slide\" aria-label=\"1 de 4\"><a data-elementor-open-lightbox=\"yes\" data-elementor-lightbox-slideshow=\"4e3c8aa\" data-elementor-lightbox-title=\"[campanha-consumo-consciente]-ifam-cmc-PLACA-EM-PVC\" data-e-action-hash=\"#elementor-action%3Aaction%3Dlightbox%26settings%3DeyJpZCI6MTM1LCJ1cmwiOiJodHRwczpcL1wvc2lzdGVtYXNjbWMuaWZhbS5lZHUuYnJcL2luZm9ybWVzY21jXC93cC1jb250ZW50XC91cGxvYWRzXC8yMDI0XC8wM1wvY2FtcGFuaGEtY29uc3Vtby1jb25zY2llbnRlLWlmYW0tY21jLVBMQUNBLUVNLVBWQy5qcGciLCJzbGlkZXNob3ciOiI0ZTNjOGFhIn0%3D\" href=\"http:\/\/www2.ifam.edu.br\/campus\/cmc\"><figure class=\"swiper-slide-inner\"><img decoding=\"async\" class=\"swiper-slide-image\" src=\"https:\/\/sistemascmc.ifam.edu.br\/informescmc\/wp-content\/uploads\/2024\/03\/campanha-consumo-consciente-ifam-cmc-PLACA-EM-PVC-768x768.jpg\" alt=\"[campanha-consumo-consciente]-ifam-cmc-PLACA-EM-PVC\" \/><\/figure><\/a><\/div><div class=\"swiper-slide\" role=\"group\" aria-roledescription=\"slide\" aria-label=\"2 de 4\"><a data-elementor-open-lightbox=\"yes\" data-elementor-lightbox-slideshow=\"4e3c8aa\" data-elementor-lightbox-title=\"[fardamento-escolar]-ifamcmc-v1-03\" data-e-action-hash=\"#elementor-action%3Aaction%3Dlightbox%26settings%3DeyJpZCI6MTM4LCJ1cmwiOiJodHRwczpcL1wvc2lzdGVtYXNjbWMuaWZhbS5lZHUuYnJcL2luZm9ybWVzY21jXC93cC1jb250ZW50XC91cGxvYWRzXC8yMDI0XC8wM1wvZmFyZGFtZW50by1lc2NvbGFyLWlmYW1jbWMtdjEtMDMucG5nIiwic2xpZGVzaG93IjoiNGUzYzhhYSJ9\" href=\"http:\/\/www2.ifam.edu.br\/campus\/cmc\"><figure class=\"swiper-slide-inner\"><img decoding=\"async\" class=\"swiper-slide-image\" src=\"https:\/\/sistemascmc.ifam.edu.br\/informescmc\/wp-content\/uploads\/2024\/03\/fardamento-escolar-ifamcmc-v1-03-768x768.png\" alt=\"[fardamento-escolar]-ifamcmc-v1-03\" \/><\/figure><\/a><\/div><div class=\"swiper-slide\" role=\"group\" aria-roledescription=\"slide\" aria-label=\"3 de 4\"><a data-elementor-open-lightbox=\"yes\" data-elementor-lightbox-slideshow=\"4e3c8aa\" data-elementor-lightbox-title=\"T\u00e9cnico\" data-e-action-hash=\"#elementor-action%3Aaction%3Dlightbox%26settings%3DeyJpZCI6MTk2LCJ1cmwiOiJodHRwczpcL1wvc2lzdGVtYXNjbWMuaWZhbS5lZHUuYnJcL2luZm9ybWVzY21jXC93cC1jb250ZW50XC91cGxvYWRzXC8yMDI1XC8wMlwvVGVjbmljby5qcGciLCJzbGlkZXNob3ciOiI0ZTNjOGFhIn0%3D\" href=\"http:\/\/www2.ifam.edu.br\/campus\/cmc\"><figure class=\"swiper-slide-inner\"><img decoding=\"async\" class=\"swiper-slide-image\" src=\"https:\/\/sistemascmc.ifam.edu.br\/informescmc\/wp-content\/uploads\/2025\/02\/Tecnico-768x768.jpg\" alt=\"T\u00e9cnico\" \/><\/figure><\/a><\/div><div class=\"swiper-slide\" role=\"group\" aria-roledescription=\"slide\" aria-label=\"4 de 4\"><a data-elementor-open-lightbox=\"yes\" data-elementor-lightbox-slideshow=\"4e3c8aa\" data-elementor-lightbox-title=\"Gradua\u00e7\u00e3o\" data-e-action-hash=\"#elementor-action%3Aaction%3Dlightbox%26settings%3DeyJpZCI6MTk1LCJ1cmwiOiJodHRwczpcL1wvc2lzdGVtYXNjbWMuaWZhbS5lZHUuYnJcL2luZm9ybWVzY21jXC93cC1jb250ZW50XC91cGxvYWRzXC8yMDI1XC8wMlwvR3JhZHVhY2FvLmpwZyIsInNsaWRlc2hvdyI6IjRlM2M4YWEifQ%3D%3D\" href=\"http:\/\/www2.ifam.edu.br\/campus\/cmc\"><figure class=\"swiper-slide-inner\"><img decoding=\"async\" class=\"swiper-slide-image\" src=\"https:\/\/sistemascmc.ifam.edu.br\/informescmc\/wp-content\/uploads\/2025\/02\/Graduacao-768x768.jpg\" alt=\"Gradua\u00e7\u00e3o\" \/><\/figure><\/a><\/div>\t\t\t<\/div>\n\t\t\t\t\t\t\t\t\t\t\t\t<div class=\"elementor-swiper-button elementor-swiper-button-prev\" role=\"button\" tabindex=\"0\">\n\t\t\t\t\t\t<svg aria-hidden=\"true\" class=\"e-font-icon-svg e-eicon-chevron-left\" viewBox=\"0 0 1000 1000\" xmlns=\"http:\/\/www.w3.org\/2000\/svg\"><path d=\"M646 125C629 125 613 133 604 142L308 442C296 454 292 471 292 487 292 504 296 521 308 533L604 854C617 867 629 875 646 875 663 875 679 871 692 858 704 846 713 829 713 812 713 796 708 779 692 767L438 487 692 225C700 217 708 204 708 187 708 171 704 154 692 142 675 129 663 125 646 125Z\"><\/path><\/svg>\t\t\t\t\t<\/div>\n\t\t\t\t\t<div class=\"elementor-swiper-button elementor-swiper-button-next\" role=\"button\" tabindex=\"0\">\n\t\t\t\t\t\t<svg aria-hidden=\"true\" class=\"e-font-icon-svg e-eicon-chevron-right\" viewBox=\"0 0 1000 1000\" xmlns=\"http:\/\/www.w3.org\/2000\/svg\"><path d=\"M696 533C708 521 713 504 713 487 713 471 708 454 696 446L400 146C388 133 375 125 354 125 338 125 325 129 313 142 300 154 292 171 292 187 292 204 296 221 308 233L563 492 304 771C292 783 288 800 288 817 288 833 296 850 308 863 321 871 338 875 354 875 371 875 388 867 400 854L696 533Z\"><\/path><\/svg>\t\t\t\t\t<\/div>\n\t\t\t\t\n\t\t\t\t\t\t\t\t\t<div class=\"swiper-pagination\"><\/div>\n\t\t\t\t\t\t\t\t\t<\/div>\n\t\t\t\t\t\t<\/div>\n\t\t\t\t<\/div>\n\t\t\t\t<\/div>\n\t\t<div class=\"elementor-element elementor-element-157ffa5 e-flex e-con-boxed e-con e-child\" data-id=\"157ffa5\" data-element_type=\"container\">\n\t\t\t\t\t<div class=\"e-con-inner\">\n\t\t\t\t<div class=\"elementor-element elementor-element-58438db elementor-widget elementor-widget-image\" data-id=\"58438db\" data-element_type=\"widget\" data-widget_type=\"image.default\">\n\t\t\t\t<div class=\"elementor-widget-container\">\n\t\t\t\t\t\t\t\t\t\t\t\t<figure class=\"wp-caption\">\n\t\t\t\t\t\t\t\t\t\t\t<a href=\"https:\/\/bit.ly\/4dN2sUm\" target=\"_blank\">\n\t\t\t\t\t\t\t<img fetchpriority=\"high\" decoding=\"async\" width=\"800\" height=\"800\" src=\"https:\/\/sistemascmc.ifam.edu.br\/informescmc\/wp-content\/uploads\/2024\/09\/drive-fotos-arraia-2024-ifamcmc-v1-media_01-1024x1024.jpg\" class=\"attachment-large size-large wp-image-187\" alt=\"\" srcset=\"https:\/\/sistemascmc.ifam.edu.br\/informescmc\/wp-content\/uploads\/2024\/09\/drive-fotos-arraia-2024-ifamcmc-v1-media_01-1024x1024.jpg 1024w, https:\/\/sistemascmc.ifam.edu.br\/informescmc\/wp-content\/uploads\/2024\/09\/drive-fotos-arraia-2024-ifamcmc-v1-media_01-300x300.jpg 300w, https:\/\/sistemascmc.ifam.edu.br\/informescmc\/wp-content\/uploads\/2024\/09\/drive-fotos-arraia-2024-ifamcmc-v1-media_01-150x150.jpg 150w, https:\/\/sistemascmc.ifam.edu.br\/informescmc\/wp-content\/uploads\/2024\/09\/drive-fotos-arraia-2024-ifamcmc-v1-media_01-768x768.jpg 768w, https:\/\/sistemascmc.ifam.edu.br\/informescmc\/wp-content\/uploads\/2024\/09\/drive-fotos-arraia-2024-ifamcmc-v1-media_01.jpg 1080w\" sizes=\"(max-width: 800px) 100vw, 800px\" \/>\t\t\t\t\t\t\t\t<\/a>\n\t\t\t\t\t\t\t\t\t\t\t<figcaption class=\"widget-image-caption wp-caption-text\">Compartilhamento de fotos e v\u00eddeos dos eventos do IFAM CMC<\/figcaption>\n\t\t\t\t\t\t\t\t\t\t<\/figure>\n\t\t\t\t\t\t\t\t\t<\/div>\n\t\t\t\t<\/div>\n\t\t<div class=\"elementor-element elementor-element-24f9c95 e-flex e-con-boxed e-con e-child\" data-id=\"24f9c95\" data-element_type=\"container\" data-settings=\"{&quot;background_background&quot;:&quot;classic&quot;}\">\n\t\t\t\t\t<div class=\"e-con-inner\">\n\t\t\t\t<div class=\"elementor-element elementor-element-07f44e4 elementor-align-center elementor-icon-list--layout-traditional elementor-list-item-link-full_width elementor-widget elementor-widget-icon-list\" data-id=\"07f44e4\" data-element_type=\"widget\" data-widget_type=\"icon-list.default\">\n\t\t\t\t<div class=\"elementor-widget-container\">\n\t\t\t\t\t\t\t<ul class=\"elementor-icon-list-items\">\n\t\t\t\t\t\t\t<li class=\"elementor-icon-list-item\">\n\t\t\t\t\t\t\t\t\t\t\t<span class=\"elementor-icon-list-icon\">\n\t\t\t\t\t\t\t<svg aria-hidden=\"true\" class=\"e-font-icon-svg e-fas-chalkboard-teacher\" viewBox=\"0 0 640 512\" xmlns=\"http:\/\/www.w3.org\/2000\/svg\"><path d=\"M208 352c-2.39 0-4.78.35-7.06 1.09C187.98 357.3 174.35 360 160 360c-14.35 0-27.98-2.7-40.95-6.91-2.28-.74-4.66-1.09-7.05-1.09C49.94 352-.33 402.48 0 464.62.14 490.88 21.73 512 48 512h224c26.27 0 47.86-21.12 48-47.38.33-62.14-49.94-112.62-112-112.62zm-48-32c53.02 0 96-42.98 96-96s-42.98-96-96-96-96 42.98-96 96 42.98 96 96 96zM592 0H208c-26.47 0-48 22.25-48 49.59V96c23.42 0 45.1 6.78 64 17.8V64h352v288h-64v-64H384v64h-76.24c19.1 16.69 33.12 38.73 39.69 64H592c26.47 0 48-22.25 48-49.59V49.59C640 22.25 618.47 0 592 0z\"><\/path><\/svg>\t\t\t\t\t\t<\/span>\n\t\t\t\t\t\t\t\t\t\t<span class=\"elementor-icon-list-text\"><b>Servidores<\/b><\/span>\n\t\t\t\t\t\t\t\t\t<\/li>\n\t\t\t\t\t\t\t\t<li class=\"elementor-icon-list-item\">\n\t\t\t\t\t\t\t\t\t\t\t<a href=\"https:\/\/gmail.com\/\">\n\n\t\t\t\t\t\t\t\t\t\t\t\t<span class=\"elementor-icon-list-icon\">\n\t\t\t\t\t\t\t<svg aria-hidden=\"true\" class=\"e-font-icon-svg e-fas-mail-bulk\" viewBox=\"0 0 576 512\" xmlns=\"http:\/\/www.w3.org\/2000\/svg\"><path d=\"M160 448c-25.6 0-51.2-22.4-64-32-64-44.8-83.2-60.8-96-70.4V480c0 17.67 14.33 32 32 32h256c17.67 0 32-14.33 32-32V345.6c-12.8 9.6-32 25.6-96 70.4-12.8 9.6-38.4 32-64 32zm128-192H32c-17.67 0-32 14.33-32 32v16c25.6 19.2 22.4 19.2 115.2 86.4 9.6 6.4 28.8 25.6 44.8 25.6s35.2-19.2 44.8-22.4c92.8-67.2 89.6-67.2 115.2-86.4V288c0-17.67-14.33-32-32-32zm256-96H224c-17.67 0-32 14.33-32 32v32h96c33.21 0 60.59 25.42 63.71 57.82l.29-.22V416h192c17.67 0 32-14.33 32-32V192c0-17.67-14.33-32-32-32zm-32 128h-64v-64h64v64zm-352-96c0-35.29 28.71-64 64-64h224V32c0-17.67-14.33-32-32-32H96C78.33 0 64 14.33 64 32v192h96v-32z\"><\/path><\/svg>\t\t\t\t\t\t<\/span>\n\t\t\t\t\t\t\t\t\t\t<span class=\"elementor-icon-list-text\">WEBMAIL<\/span>\n\t\t\t\t\t\t\t\t\t\t\t<\/a>\n\t\t\t\t\t\t\t\t\t<\/li>\n\t\t\t\t\t\t\t\t<li class=\"elementor-icon-list-item\">\n\t\t\t\t\t\t\t\t\t\t\t<a href=\"https:\/\/sig.ifam.edu.br\/sipac\/\">\n\n\t\t\t\t\t\t\t\t\t\t\t\t<span class=\"elementor-icon-list-icon\">\n\t\t\t\t\t\t\t<svg aria-hidden=\"true\" class=\"e-font-icon-svg e-fas-newspaper\" viewBox=\"0 0 576 512\" xmlns=\"http:\/\/www.w3.org\/2000\/svg\"><path d=\"M552 64H88c-13.255 0-24 10.745-24 24v8H24c-13.255 0-24 10.745-24 24v272c0 30.928 25.072 56 56 56h472c26.51 0 48-21.49 48-48V88c0-13.255-10.745-24-24-24zM56 400a8 8 0 0 1-8-8V144h16v248a8 8 0 0 1-8 8zm236-16H140c-6.627 0-12-5.373-12-12v-8c0-6.627 5.373-12 12-12h152c6.627 0 12 5.373 12 12v8c0 6.627-5.373 12-12 12zm208 0H348c-6.627 0-12-5.373-12-12v-8c0-6.627 5.373-12 12-12h152c6.627 0 12 5.373 12 12v8c0 6.627-5.373 12-12 12zm-208-96H140c-6.627 0-12-5.373-12-12v-8c0-6.627 5.373-12 12-12h152c6.627 0 12 5.373 12 12v8c0 6.627-5.373 12-12 12zm208 0H348c-6.627 0-12-5.373-12-12v-8c0-6.627 5.373-12 12-12h152c6.627 0 12 5.373 12 12v8c0 6.627-5.373 12-12 12zm0-96H140c-6.627 0-12-5.373-12-12v-40c0-6.627 5.373-12 12-12h360c6.627 0 12 5.373 12 12v40c0 6.627-5.373 12-12 12z\"><\/path><\/svg>\t\t\t\t\t\t<\/span>\n\t\t\t\t\t\t\t\t\t\t<span class=\"elementor-icon-list-text\">SIPAC<\/span>\n\t\t\t\t\t\t\t\t\t\t\t<\/a>\n\t\t\t\t\t\t\t\t\t<\/li>\n\t\t\t\t\t\t\t\t<li class=\"elementor-icon-list-item\">\n\t\t\t\t\t\t\t\t\t\t\t<a href=\"https:\/\/sig.ifam.edu.br\/sigrh\/login.jsf\">\n\n\t\t\t\t\t\t\t\t\t\t\t\t<span class=\"elementor-icon-list-icon\">\n\t\t\t\t\t\t\t<svg aria-hidden=\"true\" class=\"e-font-icon-svg e-fas-ticket-alt\" viewBox=\"0 0 576 512\" xmlns=\"http:\/\/www.w3.org\/2000\/svg\"><path d=\"M128 160h320v192H128V160zm400 96c0 26.51 21.49 48 48 48v96c0 26.51-21.49 48-48 48H48c-26.51 0-48-21.49-48-48v-96c26.51 0 48-21.49 48-48s-21.49-48-48-48v-96c0-26.51 21.49-48 48-48h480c26.51 0 48 21.49 48 48v96c-26.51 0-48 21.49-48 48zm-48-104c0-13.255-10.745-24-24-24H120c-13.255 0-24 10.745-24 24v208c0 13.255 10.745 24 24 24h336c13.255 0 24-10.745 24-24V152z\"><\/path><\/svg>\t\t\t\t\t\t<\/span>\n\t\t\t\t\t\t\t\t\t\t<span class=\"elementor-icon-list-text\">PONTO ELETR\u00d4NICO<\/span>\n\t\t\t\t\t\t\t\t\t\t\t<\/a>\n\t\t\t\t\t\t\t\t\t<\/li>\n\t\t\t\t\t\t<\/ul>\n\t\t\t\t\t\t<\/div>\n\t\t\t\t<\/div>\n\t\t\t\t\t<\/div>\n\t\t\t\t<\/div>\n\t\t<div class=\"elementor-element elementor-element-5c7ff6d e-flex e-con-boxed e-con e-child\" data-id=\"5c7ff6d\" data-element_type=\"container\" data-settings=\"{&quot;background_background&quot;:&quot;classic&quot;}\">\n\t\t\t\t\t<div class=\"e-con-inner\">\n\t\t\t\t<div class=\"elementor-element elementor-element-e2cecf9 elementor-align-center elementor-icon-list--layout-traditional elementor-list-item-link-full_width elementor-widget elementor-widget-icon-list\" data-id=\"e2cecf9\" data-element_type=\"widget\" data-widget_type=\"icon-list.default\">\n\t\t\t\t<div class=\"elementor-widget-container\">\n\t\t\t\t\t\t\t<ul class=\"elementor-icon-list-items\">\n\t\t\t\t\t\t\t<li class=\"elementor-icon-list-item\">\n\t\t\t\t\t\t\t\t\t\t\t<span class=\"elementor-icon-list-icon\">\n\t\t\t\t\t\t\t<svg aria-hidden=\"true\" class=\"e-font-icon-svg e-fas-male\" viewBox=\"0 0 192 512\" xmlns=\"http:\/\/www.w3.org\/2000\/svg\"><path d=\"M96 0c35.346 0 64 28.654 64 64s-28.654 64-64 64-64-28.654-64-64S60.654 0 96 0m48 144h-11.36c-22.711 10.443-49.59 10.894-73.28 0H48c-26.51 0-48 21.49-48 48v136c0 13.255 10.745 24 24 24h16v136c0 13.255 10.745 24 24 24h64c13.255 0 24-10.745 24-24V352h16c13.255 0 24-10.745 24-24V192c0-26.51-21.49-48-48-48z\"><\/path><\/svg>\t\t\t\t\t\t<\/span>\n\t\t\t\t\t\t\t\t\t\t<span class=\"elementor-icon-list-text\"><b>ALUNOS<\/b><\/span>\n\t\t\t\t\t\t\t\t\t<\/li>\n\t\t\t\t\t\t\t\t<li class=\"elementor-icon-list-item\">\n\t\t\t\t\t\t\t\t\t\t\t<a href=\"https:\/\/sites.google.com\/ifam.edu.br\/suporte-discente\">\n\n\t\t\t\t\t\t\t\t\t\t\t\t<span class=\"elementor-icon-list-icon\">\n\t\t\t\t\t\t\t<svg aria-hidden=\"true\" class=\"e-font-icon-svg e-fas-check\" viewBox=\"0 0 512 512\" xmlns=\"http:\/\/www.w3.org\/2000\/svg\"><path d=\"M173.898 439.404l-166.4-166.4c-9.997-9.997-9.997-26.206 0-36.204l36.203-36.204c9.997-9.998 26.207-9.998 36.204 0L192 312.69 432.095 72.596c9.997-9.997 26.207-9.997 36.204 0l36.203 36.204c9.997 9.997 9.997 26.206 0 36.204l-294.4 294.401c-9.998 9.997-26.207 9.997-36.204-.001z\"><\/path><\/svg>\t\t\t\t\t\t<\/span>\n\t\t\t\t\t\t\t\t\t\t<span class=\"elementor-icon-list-text\">SIG-A<\/span>\n\t\t\t\t\t\t\t\t\t\t\t<\/a>\n\t\t\t\t\t\t\t\t\t<\/li>\n\t\t\t\t\t\t\t\t<li class=\"elementor-icon-list-item\">\n\t\t\t\t\t\t\t\t\t\t\t<a href=\"http:\/\/www2.ifam.edu.br\/campus\/cmc\/sistemas\/biblioteca\">\n\n\t\t\t\t\t\t\t\t\t\t\t\t<span class=\"elementor-icon-list-icon\">\n\t\t\t\t\t\t\t<svg aria-hidden=\"true\" class=\"e-font-icon-svg e-fas-book-reader\" viewBox=\"0 0 512 512\" xmlns=\"http:\/\/www.w3.org\/2000\/svg\"><path d=\"M352 96c0-53.02-42.98-96-96-96s-96 42.98-96 96 42.98 96 96 96 96-42.98 96-96zM233.59 241.1c-59.33-36.32-155.43-46.3-203.79-49.05C13.55 191.13 0 203.51 0 219.14v222.8c0 14.33 11.59 26.28 26.49 27.05 43.66 2.29 131.99 10.68 193.04 41.43 9.37 4.72 20.48-1.71 20.48-11.87V252.56c-.01-4.67-2.32-8.95-6.42-11.46zm248.61-49.05c-48.35 2.74-144.46 12.73-203.78 49.05-4.1 2.51-6.41 6.96-6.41 11.63v245.79c0 10.19 11.14 16.63 20.54 11.9 61.04-30.72 149.32-39.11 192.97-41.4 14.9-.78 26.49-12.73 26.49-27.06V219.14c-.01-15.63-13.56-28.01-29.81-27.09z\"><\/path><\/svg>\t\t\t\t\t\t<\/span>\n\t\t\t\t\t\t\t\t\t\t<span class=\"elementor-icon-list-text\">BIBLIOTECA<\/span>\n\t\t\t\t\t\t\t\t\t\t\t<\/a>\n\t\t\t\t\t\t\t\t\t<\/li>\n\t\t\t\t\t\t<\/ul>\n\t\t\t\t\t\t<\/div>\n\t\t\t\t<\/div>\n\t\t\t\t\t<\/div>\n\t\t\t\t<\/div>\n\t\t\t\t\t<\/div>\n\t\t\t\t<\/div>\n\t\t\t\t\t<\/div>\n\t\t\t\t<\/div>\n\t\t<div class=\"elementor-element elementor-element-a0d6b89 e-flex e-con-boxed e-con e-parent\" data-id=\"a0d6b89\" data-element_type=\"container\">\n\t\t\t\t\t<div class=\"e-con-inner\">\n\t\t\t\t<div class=\"elementor-element elementor-element-ecc11a7 elementor-widget elementor-widget-sbi-widget\" data-id=\"ecc11a7\" data-element_type=\"widget\" data-widget_type=\"sbi-widget.default\">\n\t\t\t\t<div class=\"elementor-widget-container\">\n\t\t\t\t\t\n<div id=\"sb_instagram\"  class=\"sbi sbi_mob_col_1 sbi_tab_col_2 sbi_col_4 sbi_width_resp\" style=\"padding-bottom: 10px;\"\t data-feedid=\"*2\"  data-res=\"auto\" data-cols=\"4\" data-colsmobile=\"1\" data-colstablet=\"2\" data-num=\"20\" data-nummobile=\"20\" data-item-padding=\"5\"\t data-shortcode-atts=\"{&quot;feed&quot;:&quot;2&quot;}\"  data-postid=\"36\" data-locatornonce=\"2d06f8b777\" data-imageaspectratio=\"1:1\" data-sbi-flags=\"favorLocal\">\n\t<div class=\"sb_instagram_header  sbi_medium\"   >\n\t<a class=\"sbi_header_link\" target=\"_blank\"\n\t   rel=\"nofollow noopener\" href=\"https:\/\/www.instagram.com\/ifamnaticoscmc\/\" title=\"@ifamnaticoscmc\">\n\t\t<div class=\"sbi_header_text\">\n\t\t\t<div class=\"sbi_header_img\"  data-avatar-url=\"https:\/\/scontent.cdninstagram.com\/v\/t51.2885-19\/328366350_2561391910665168_2712964265207361579_n.jpg?_nc_cat=101&amp;ccb=1-7&amp;_nc_sid=bf7eb4&amp;_nc_ohc=6vRfkk1vBAQQ7kNvgF1KGP3&amp;_nc_oc=Adl3JNdX71TF5_wJwm99x6uSZJ4_TQpsJg_O2rCaAxQukEjwUhr3npgk0bYbJtd9hYM&amp;_nc_zt=24&amp;_nc_ht=scontent.cdninstagram.com&amp;edm=AP4hL3IEAAAA&amp;oh=00_AYFcyGc9Admj30U02WKtFwpITxokv8ZM_MrwiHme40fdFw&amp;oe=67E898C8\">\n\t\t\t\t\t\t\t\t\t<div class=\"sbi_header_img_hover\"  ><svg class=\"sbi_new_logo fa-instagram fa-w-14\" aria-hidden=\"true\" data-fa-processed=\"\" aria-label=\"Instagram\" data-prefix=\"fab\" data-icon=\"instagram\" role=\"img\" viewBox=\"0 0 448 512\">\n                    <path fill=\"currentColor\" d=\"M224.1 141c-63.6 0-114.9 51.3-114.9 114.9s51.3 114.9 114.9 114.9S339 319.5 339 255.9 287.7 141 224.1 141zm0 189.6c-41.1 0-74.7-33.5-74.7-74.7s33.5-74.7 74.7-74.7 74.7 33.5 74.7 74.7-33.6 74.7-74.7 74.7zm146.4-194.3c0 14.9-12 26.8-26.8 26.8-14.9 0-26.8-12-26.8-26.8s12-26.8 26.8-26.8 26.8 12 26.8 26.8zm76.1 27.2c-1.7-35.9-9.9-67.7-36.2-93.9-26.2-26.2-58-34.4-93.9-36.2-37-2.1-147.9-2.1-184.9 0-35.8 1.7-67.6 9.9-93.9 36.1s-34.4 58-36.2 93.9c-2.1 37-2.1 147.9 0 184.9 1.7 35.9 9.9 67.7 36.2 93.9s58 34.4 93.9 36.2c37 2.1 147.9 2.1 184.9 0 35.9-1.7 67.7-9.9 93.9-36.2 26.2-26.2 34.4-58 36.2-93.9 2.1-37 2.1-147.8 0-184.8zM398.8 388c-7.8 19.6-22.9 34.7-42.6 42.6-29.5 11.7-99.5 9-132.1 9s-102.7 2.6-132.1-9c-19.6-7.8-34.7-22.9-42.6-42.6-11.7-29.5-9-99.5-9-132.1s-2.6-102.7 9-132.1c7.8-19.6 22.9-34.7 42.6-42.6 29.5-11.7 99.5-9 132.1-9s102.7-2.6 132.1 9c19.6 7.8 34.7 22.9 42.6 42.6 11.7 29.5 9 99.5 9 132.1s2.7 102.7-9 132.1z\"><\/path>\n                <\/svg><\/div>\n\t\t\t\t\t<img decoding=\"async\"  src=\"https:\/\/sistemascmc.ifam.edu.br\/informescmc\/wp-content\/uploads\/sb-instagram-feed-images\/ifamnaticoscmc.webp\" alt=\"\" width=\"50\" height=\"50\">\n\t\t\t\t\n\t\t\t\t\t\t\t<\/div>\n\n\t\t\t<div class=\"sbi_feedtheme_header_text\">\n\t\t\t\t<h3>ifamnaticoscmc<\/h3>\n\t\t\t\t\t\t\t\t\t<p class=\"sbi_bio\">Instagram oficial do IFAM CMC<br>\nNot\u00edcias<br>\nEditais<br>\nEventos<\/p>\n\t\t\t\t\t\t\t<\/div>\n\t\t<\/div>\n\t<\/a>\n<\/div>\n\n\t<div id=\"sbi_images\"  style=\"gap: 10px;\">\n\t\t<div class=\"sbi_item sbi_type_carousel sbi_new sbi_transition\"\n\tid=\"sbi_18038777105205965\" data-date=\"1742837604\">\n\t<div class=\"sbi_photo_wrap\">\n\t\t<a class=\"sbi_photo\" href=\"https:\/\/www.instagram.com\/p\/DHlzKUksF6F\/\" target=\"_blank\" rel=\"noopener nofollow\"\n\t\t\tdata-full-res=\"https:\/\/scontent.cdninstagram.com\/v\/t39.30808-6\/486498002_1182688437200011_7701919258329802638_n.jpg?stp=dst-jpg_e35_tt6&#038;_nc_cat=106&#038;ccb=1-7&#038;_nc_sid=18de74&#038;_nc_ohc=57i5LGfVW-kQ7kNvgFB8vRE&#038;_nc_oc=Adml-IWTGYS6At3Nw6vC1wJV2O5mX4jSlnQE6cEW-WLr5cm-NUGTk2V71A_kkT5JDDA&#038;_nc_zt=23&#038;_nc_ht=scontent.cdninstagram.com&#038;edm=ANo9K5cEAAAA&#038;_nc_gid=wqela-vQUdVzCbNVsXO11Q&#038;oh=00_AYEalcalEAI_g4p2qvcooPkRzBA6oSeKRZpjCU027Fi8Bw&#038;oe=67E8B03C\"\n\t\t\tdata-img-src-set=\"{&quot;d&quot;:&quot;https:\\\/\\\/scontent.cdninstagram.com\\\/v\\\/t39.30808-6\\\/486498002_1182688437200011_7701919258329802638_n.jpg?stp=dst-jpg_e35_tt6&amp;_nc_cat=106&amp;ccb=1-7&amp;_nc_sid=18de74&amp;_nc_ohc=57i5LGfVW-kQ7kNvgFB8vRE&amp;_nc_oc=Adml-IWTGYS6At3Nw6vC1wJV2O5mX4jSlnQE6cEW-WLr5cm-NUGTk2V71A_kkT5JDDA&amp;_nc_zt=23&amp;_nc_ht=scontent.cdninstagram.com&amp;edm=ANo9K5cEAAAA&amp;_nc_gid=wqela-vQUdVzCbNVsXO11Q&amp;oh=00_AYEalcalEAI_g4p2qvcooPkRzBA6oSeKRZpjCU027Fi8Bw&amp;oe=67E8B03C&quot;,&quot;150&quot;:&quot;https:\\\/\\\/scontent.cdninstagram.com\\\/v\\\/t39.30808-6\\\/486498002_1182688437200011_7701919258329802638_n.jpg?stp=dst-jpg_e35_tt6&amp;_nc_cat=106&amp;ccb=1-7&amp;_nc_sid=18de74&amp;_nc_ohc=57i5LGfVW-kQ7kNvgFB8vRE&amp;_nc_oc=Adml-IWTGYS6At3Nw6vC1wJV2O5mX4jSlnQE6cEW-WLr5cm-NUGTk2V71A_kkT5JDDA&amp;_nc_zt=23&amp;_nc_ht=scontent.cdninstagram.com&amp;edm=ANo9K5cEAAAA&amp;_nc_gid=wqela-vQUdVzCbNVsXO11Q&amp;oh=00_AYEalcalEAI_g4p2qvcooPkRzBA6oSeKRZpjCU027Fi8Bw&amp;oe=67E8B03C&quot;,&quot;320&quot;:&quot;https:\\\/\\\/scontent.cdninstagram.com\\\/v\\\/t39.30808-6\\\/486498002_1182688437200011_7701919258329802638_n.jpg?stp=dst-jpg_e35_tt6&amp;_nc_cat=106&amp;ccb=1-7&amp;_nc_sid=18de74&amp;_nc_ohc=57i5LGfVW-kQ7kNvgFB8vRE&amp;_nc_oc=Adml-IWTGYS6At3Nw6vC1wJV2O5mX4jSlnQE6cEW-WLr5cm-NUGTk2V71A_kkT5JDDA&amp;_nc_zt=23&amp;_nc_ht=scontent.cdninstagram.com&amp;edm=ANo9K5cEAAAA&amp;_nc_gid=wqela-vQUdVzCbNVsXO11Q&amp;oh=00_AYEalcalEAI_g4p2qvcooPkRzBA6oSeKRZpjCU027Fi8Bw&amp;oe=67E8B03C&quot;,&quot;640&quot;:&quot;https:\\\/\\\/scontent.cdninstagram.com\\\/v\\\/t39.30808-6\\\/486498002_1182688437200011_7701919258329802638_n.jpg?stp=dst-jpg_e35_tt6&amp;_nc_cat=106&amp;ccb=1-7&amp;_nc_sid=18de74&amp;_nc_ohc=57i5LGfVW-kQ7kNvgFB8vRE&amp;_nc_oc=Adml-IWTGYS6At3Nw6vC1wJV2O5mX4jSlnQE6cEW-WLr5cm-NUGTk2V71A_kkT5JDDA&amp;_nc_zt=23&amp;_nc_ht=scontent.cdninstagram.com&amp;edm=ANo9K5cEAAAA&amp;_nc_gid=wqela-vQUdVzCbNVsXO11Q&amp;oh=00_AYEalcalEAI_g4p2qvcooPkRzBA6oSeKRZpjCU027Fi8Bw&amp;oe=67E8B03C&quot;}\">\n\t\t\t<span class=\"sbi-screenreader\">\ud83d\udee0\ufe0f\ud83d\udca1 M\u00e3o na massa na Constru\u00e7\u00e3o Civil!\n\nNo IFAM Cam<\/span>\n\t\t\t<svg class=\"svg-inline--fa fa-clone fa-w-16 sbi_lightbox_carousel_icon\" aria-hidden=\"true\" aria-label=\"Clone\" data-fa-pro\u0192cessed=\"\" data-prefix=\"far\" data-icon=\"clone\" role=\"img\" xmlns=\"http:\/\/www.w3.org\/2000\/svg\" viewBox=\"0 0 512 512\">\n                    <path fill=\"currentColor\" d=\"M464 0H144c-26.51 0-48 21.49-48 48v48H48c-26.51 0-48 21.49-48 48v320c0 26.51 21.49 48 48 48h320c26.51 0 48-21.49 48-48v-48h48c26.51 0 48-21.49 48-48V48c0-26.51-21.49-48-48-48zM362 464H54a6 6 0 0 1-6-6V150a6 6 0 0 1 6-6h42v224c0 26.51 21.49 48 48 48h224v42a6 6 0 0 1-6 6zm96-96H150a6 6 0 0 1-6-6V54a6 6 0 0 1 6-6h308a6 6 0 0 1 6 6v308a6 6 0 0 1-6 6z\"><\/path>\n                <\/svg>\t\t\t\t\t\t<img decoding=\"async\" src=\"https:\/\/sistemascmc.ifam.edu.br\/informescmc\/wp-content\/plugins\/instagram-feed\/img\/placeholder.png\" alt=\"\ud83d\udee0\ufe0f\ud83d\udca1 M\u00e3o na massa na Constru\u00e7\u00e3o Civil!\n\nNo IFAM Campus Manaus Centro (CMC), tanto os alunos da gradua\u00e7\u00e3o em Engenharia Civil quanto os do t\u00e9cnico em Edifica\u00e7\u00f5es aprendem na pr\u00e1tica os conhecimentos essenciais para a profiss\u00e3o! \ud83c\udfd7\ufe0f\ud83c\udfa8\n\nDurante as disciplinas de Materiais de Constru\u00e7\u00e3o 2 na gradua\u00e7\u00e3o e Tecnologia da Constru\u00e7\u00e3o Civil no curso t\u00e9cnico, ministradas pelo professor Laerte, os estudantes exercitam habilidades fundamentais, como pintura, emassamento de fissuras e prote\u00e7\u00e3o de superf\u00edcies, sempre com a orienta\u00e7\u00e3o dos professores.\n\nAs disciplinas abordam desde servi\u00e7os preliminares, funda\u00e7\u00f5es e estruturas at\u00e9 revestimentos, pisos, esquadrias, impermeabiliza\u00e7\u00e3o e muito mais! Cada aula pr\u00e1tica \u00e9 uma oportunidade para desenvolver t\u00e9cnicas fundamentais para a profiss\u00e3o.\n\nAqui, o aprendizado vai al\u00e9m da sala de aula. Com experi\u00eancia pr\u00e1tica, os futuros engenheiros e t\u00e9cnicos se preparam para aplicar cada t\u00e9cnica com seguran\u00e7a e qualidade! \ud83d\udcaa\ud83d\udd27\n\n#EngenhariaCivil #T\u00e9cnicoEmEdifica\u00e7\u00f5es #AulaPr\u00e1tica #IFAMCMC #Constru\u00e7\u00e3oCivil #AprendizadoNaPr\u00e1tica\" aria-hidden=\"true\">\n\t\t<\/a>\n\t<\/div>\n<\/div><div class=\"sbi_item sbi_type_carousel sbi_new sbi_transition\"\n\tid=\"sbi_17870404074335897\" data-date=\"1742828208\">\n\t<div class=\"sbi_photo_wrap\">\n\t\t<a class=\"sbi_photo\" href=\"https:\/\/www.instagram.com\/p\/DHlhPWiM6qp\/\" target=\"_blank\" rel=\"noopener nofollow\"\n\t\t\tdata-full-res=\"https:\/\/scontent.cdninstagram.com\/v\/t39.30808-6\/486306794_1182563263879195_7385804672495523208_n.jpg?stp=dst-jpg_e35_tt6&#038;_nc_cat=107&#038;ccb=1-7&#038;_nc_sid=18de74&#038;_nc_ohc=WsrmXAuThSQQ7kNvgEaoz2a&#038;_nc_oc=AdlXtMepockUpZwvKRLmlLSMvU0HCmjSYXtIwUfFcS3XRsGhqq_Zew4dGDMm5B8o4a0&#038;_nc_zt=23&#038;_nc_ht=scontent.cdninstagram.com&#038;edm=ANo9K5cEAAAA&#038;_nc_gid=wqela-vQUdVzCbNVsXO11Q&#038;oh=00_AYFmTYmAj1pD82K82SC4TeNYP4eQ99o2DuyQXpbBDJOQzg&#038;oe=67E8D0B9\"\n\t\t\tdata-img-src-set=\"{&quot;d&quot;:&quot;https:\\\/\\\/scontent.cdninstagram.com\\\/v\\\/t39.30808-6\\\/486306794_1182563263879195_7385804672495523208_n.jpg?stp=dst-jpg_e35_tt6&amp;_nc_cat=107&amp;ccb=1-7&amp;_nc_sid=18de74&amp;_nc_ohc=WsrmXAuThSQQ7kNvgEaoz2a&amp;_nc_oc=AdlXtMepockUpZwvKRLmlLSMvU0HCmjSYXtIwUfFcS3XRsGhqq_Zew4dGDMm5B8o4a0&amp;_nc_zt=23&amp;_nc_ht=scontent.cdninstagram.com&amp;edm=ANo9K5cEAAAA&amp;_nc_gid=wqela-vQUdVzCbNVsXO11Q&amp;oh=00_AYFmTYmAj1pD82K82SC4TeNYP4eQ99o2DuyQXpbBDJOQzg&amp;oe=67E8D0B9&quot;,&quot;150&quot;:&quot;https:\\\/\\\/scontent.cdninstagram.com\\\/v\\\/t39.30808-6\\\/486306794_1182563263879195_7385804672495523208_n.jpg?stp=dst-jpg_e35_tt6&amp;_nc_cat=107&amp;ccb=1-7&amp;_nc_sid=18de74&amp;_nc_ohc=WsrmXAuThSQQ7kNvgEaoz2a&amp;_nc_oc=AdlXtMepockUpZwvKRLmlLSMvU0HCmjSYXtIwUfFcS3XRsGhqq_Zew4dGDMm5B8o4a0&amp;_nc_zt=23&amp;_nc_ht=scontent.cdninstagram.com&amp;edm=ANo9K5cEAAAA&amp;_nc_gid=wqela-vQUdVzCbNVsXO11Q&amp;oh=00_AYFmTYmAj1pD82K82SC4TeNYP4eQ99o2DuyQXpbBDJOQzg&amp;oe=67E8D0B9&quot;,&quot;320&quot;:&quot;https:\\\/\\\/scontent.cdninstagram.com\\\/v\\\/t39.30808-6\\\/486306794_1182563263879195_7385804672495523208_n.jpg?stp=dst-jpg_e35_tt6&amp;_nc_cat=107&amp;ccb=1-7&amp;_nc_sid=18de74&amp;_nc_ohc=WsrmXAuThSQQ7kNvgEaoz2a&amp;_nc_oc=AdlXtMepockUpZwvKRLmlLSMvU0HCmjSYXtIwUfFcS3XRsGhqq_Zew4dGDMm5B8o4a0&amp;_nc_zt=23&amp;_nc_ht=scontent.cdninstagram.com&amp;edm=ANo9K5cEAAAA&amp;_nc_gid=wqela-vQUdVzCbNVsXO11Q&amp;oh=00_AYFmTYmAj1pD82K82SC4TeNYP4eQ99o2DuyQXpbBDJOQzg&amp;oe=67E8D0B9&quot;,&quot;640&quot;:&quot;https:\\\/\\\/scontent.cdninstagram.com\\\/v\\\/t39.30808-6\\\/486306794_1182563263879195_7385804672495523208_n.jpg?stp=dst-jpg_e35_tt6&amp;_nc_cat=107&amp;ccb=1-7&amp;_nc_sid=18de74&amp;_nc_ohc=WsrmXAuThSQQ7kNvgEaoz2a&amp;_nc_oc=AdlXtMepockUpZwvKRLmlLSMvU0HCmjSYXtIwUfFcS3XRsGhqq_Zew4dGDMm5B8o4a0&amp;_nc_zt=23&amp;_nc_ht=scontent.cdninstagram.com&amp;edm=ANo9K5cEAAAA&amp;_nc_gid=wqela-vQUdVzCbNVsXO11Q&amp;oh=00_AYFmTYmAj1pD82K82SC4TeNYP4eQ99o2DuyQXpbBDJOQzg&amp;oe=67E8D0B9&quot;}\">\n\t\t\t<span class=\"sbi-screenreader\">Na tarde de quinta-feira (20\/03), foi realizada a <\/span>\n\t\t\t<svg class=\"svg-inline--fa fa-clone fa-w-16 sbi_lightbox_carousel_icon\" aria-hidden=\"true\" aria-label=\"Clone\" data-fa-pro\u0192cessed=\"\" data-prefix=\"far\" data-icon=\"clone\" role=\"img\" xmlns=\"http:\/\/www.w3.org\/2000\/svg\" viewBox=\"0 0 512 512\">\n                    <path fill=\"currentColor\" d=\"M464 0H144c-26.51 0-48 21.49-48 48v48H48c-26.51 0-48 21.49-48 48v320c0 26.51 21.49 48 48 48h320c26.51 0 48-21.49 48-48v-48h48c26.51 0 48-21.49 48-48V48c0-26.51-21.49-48-48-48zM362 464H54a6 6 0 0 1-6-6V150a6 6 0 0 1 6-6h42v224c0 26.51 21.49 48 48 48h224v42a6 6 0 0 1-6 6zm96-96H150a6 6 0 0 1-6-6V54a6 6 0 0 1 6-6h308a6 6 0 0 1 6 6v308a6 6 0 0 1-6 6z\"><\/path>\n                <\/svg>\t\t\t\t\t\t<img decoding=\"async\" src=\"https:\/\/sistemascmc.ifam.edu.br\/informescmc\/wp-content\/plugins\/instagram-feed\/img\/placeholder.png\" alt=\"Na tarde de quinta-feira (20\/03), foi realizada a aula inaugural do Mestrado Profissional em Qu\u00edmica (PROFQUI), turma 2025. O evento contou com a participa\u00e7\u00e3o do corpo docente, discentes e da coordenadora Geral do Programa, a Prof\u00aa Dr\u00aa. Michelle Jaqueline Cunha Rezende.\n\nDurante o evento os alunos foram acolhidos e participaram da Mesa Redonda intitulada A PESQUISA NA PR\u00c1TICA DOCENTE: O IMPACTO DO MESTRADO PROFISSIONAL NA FORMA\u00c7AO E INOVACAO PEDAGOGICA NA EDUCA\u00c7AO\nB\u00c1SICA\u201d, com a participa\u00e7\u00e3o do Prof. Dr. Jo\u00e3o dos Santos Cabral Neto (IFAM\/CMC),\nLarissa Tereza dos Santos Reis (Doutoranda\/PPGQ\/UFAM) e Bruna Lorena Almeida\n(discente do PROFQUI).\n\nO PROFQUI \u00e9 formado por uma rede de institui\u00e7\u00f5es de ensino superior, no \u00e2mbito do Programa de Mestrado Profissional para Professores da Educa\u00e7\u00e3o B\u00e1sica\n(Proeb)\/Coordena\u00e7\u00e3o de Aperfei\u00e7oamento de Pessoal de N\u00edvel Superior (CAPES), e\ncoordenado pelo Instituto de Qu\u00edmica da Universidade Federal do Rio de Janeiro, tendo a cogest\u00e3o da sociedade Brasileira de Qu\u00edmica (SBQ) e o apoio das institui\u00e7\u00f5es\nassociadas.\n\nO IFAM\/CMC foi credenciado no ano de 2023, tendo iniciado com a oferta da primeira turma em 2024, conta hoje com 8 docentes e 18 discentes matriculados. O\nPROFQUI\/IFAM \u00e9 coordenado pela Prof.\u00aa. Dra. Katia Maria Guimar\u00e3es Costa.\" aria-hidden=\"true\">\n\t\t<\/a>\n\t<\/div>\n<\/div><div class=\"sbi_item sbi_type_image sbi_new sbi_transition\"\n\tid=\"sbi_18097979887521013\" data-date=\"1742676803\">\n\t<div class=\"sbi_photo_wrap\">\n\t\t<a class=\"sbi_photo\" href=\"https:\/\/www.instagram.com\/p\/DHhAdNryTVR\/\" target=\"_blank\" rel=\"noopener nofollow\"\n\t\t\tdata-full-res=\"https:\/\/scontent.cdninstagram.com\/v\/t51.29350-15\/485874448_1385379535958687_7852811012770924404_n.heic?stp=dst-jpg_e35_tt6&#038;_nc_cat=102&#038;ccb=1-7&#038;_nc_sid=18de74&#038;_nc_ohc=O68MZsUfLGwQ7kNvgFhKxqv&#038;_nc_oc=AdlXVtWb75aqgNfaEWk5z43Olk_aOR0S5MDVvGExnSwYU-S5uhmRhXdhtNN45TeTB80&#038;_nc_zt=23&#038;_nc_ht=scontent.cdninstagram.com&#038;edm=ANo9K5cEAAAA&#038;_nc_gid=wqela-vQUdVzCbNVsXO11Q&#038;oh=00_AYHB_NAib-xUiwKo4kQ1pODkLCEQQgdCuCmwj35WO6UcGg&#038;oe=67E8CD1E\"\n\t\t\tdata-img-src-set=\"{&quot;d&quot;:&quot;https:\\\/\\\/scontent.cdninstagram.com\\\/v\\\/t51.29350-15\\\/485874448_1385379535958687_7852811012770924404_n.heic?stp=dst-jpg_e35_tt6&amp;_nc_cat=102&amp;ccb=1-7&amp;_nc_sid=18de74&amp;_nc_ohc=O68MZsUfLGwQ7kNvgFhKxqv&amp;_nc_oc=AdlXVtWb75aqgNfaEWk5z43Olk_aOR0S5MDVvGExnSwYU-S5uhmRhXdhtNN45TeTB80&amp;_nc_zt=23&amp;_nc_ht=scontent.cdninstagram.com&amp;edm=ANo9K5cEAAAA&amp;_nc_gid=wqela-vQUdVzCbNVsXO11Q&amp;oh=00_AYHB_NAib-xUiwKo4kQ1pODkLCEQQgdCuCmwj35WO6UcGg&amp;oe=67E8CD1E&quot;,&quot;150&quot;:&quot;https:\\\/\\\/scontent.cdninstagram.com\\\/v\\\/t51.29350-15\\\/485874448_1385379535958687_7852811012770924404_n.heic?stp=dst-jpg_e35_tt6&amp;_nc_cat=102&amp;ccb=1-7&amp;_nc_sid=18de74&amp;_nc_ohc=O68MZsUfLGwQ7kNvgFhKxqv&amp;_nc_oc=AdlXVtWb75aqgNfaEWk5z43Olk_aOR0S5MDVvGExnSwYU-S5uhmRhXdhtNN45TeTB80&amp;_nc_zt=23&amp;_nc_ht=scontent.cdninstagram.com&amp;edm=ANo9K5cEAAAA&amp;_nc_gid=wqela-vQUdVzCbNVsXO11Q&amp;oh=00_AYHB_NAib-xUiwKo4kQ1pODkLCEQQgdCuCmwj35WO6UcGg&amp;oe=67E8CD1E&quot;,&quot;320&quot;:&quot;https:\\\/\\\/scontent.cdninstagram.com\\\/v\\\/t51.29350-15\\\/485874448_1385379535958687_7852811012770924404_n.heic?stp=dst-jpg_e35_tt6&amp;_nc_cat=102&amp;ccb=1-7&amp;_nc_sid=18de74&amp;_nc_ohc=O68MZsUfLGwQ7kNvgFhKxqv&amp;_nc_oc=AdlXVtWb75aqgNfaEWk5z43Olk_aOR0S5MDVvGExnSwYU-S5uhmRhXdhtNN45TeTB80&amp;_nc_zt=23&amp;_nc_ht=scontent.cdninstagram.com&amp;edm=ANo9K5cEAAAA&amp;_nc_gid=wqela-vQUdVzCbNVsXO11Q&amp;oh=00_AYHB_NAib-xUiwKo4kQ1pODkLCEQQgdCuCmwj35WO6UcGg&amp;oe=67E8CD1E&quot;,&quot;640&quot;:&quot;https:\\\/\\\/scontent.cdninstagram.com\\\/v\\\/t51.29350-15\\\/485874448_1385379535958687_7852811012770924404_n.heic?stp=dst-jpg_e35_tt6&amp;_nc_cat=102&amp;ccb=1-7&amp;_nc_sid=18de74&amp;_nc_ohc=O68MZsUfLGwQ7kNvgFhKxqv&amp;_nc_oc=AdlXVtWb75aqgNfaEWk5z43Olk_aOR0S5MDVvGExnSwYU-S5uhmRhXdhtNN45TeTB80&amp;_nc_zt=23&amp;_nc_ht=scontent.cdninstagram.com&amp;edm=ANo9K5cEAAAA&amp;_nc_gid=wqela-vQUdVzCbNVsXO11Q&amp;oh=00_AYHB_NAib-xUiwKo4kQ1pODkLCEQQgdCuCmwj35WO6UcGg&amp;oe=67E8CD1E&quot;}\">\n\t\t\t<span class=\"sbi-screenreader\">As inscri\u00e7\u00f5es para a Olimp\u00edada Brasileira de Astro<\/span>\n\t\t\t\t\t\t\t\t\t<img decoding=\"async\" src=\"https:\/\/sistemascmc.ifam.edu.br\/informescmc\/wp-content\/plugins\/instagram-feed\/img\/placeholder.png\" alt=\"As inscri\u00e7\u00f5es para a Olimp\u00edada Brasileira de Astronomia (OBA) est\u00e3o abertas!\nQuem vai embarcar com a gente?\nAgora \u00e9 a hora de se aventurar pelo universo do conhecimento astron\u00f4mico e brilhar entre as estrelas! N\u00e3o perca a oportunidade de fazer parte dessa jornada incr\u00edvel. \nN\u00e3o deixe para\ndepois!\n\u2192 Fase \u00fanica\n\u2022 Inscri\u00e7\u00f5es gratuitas\n\u2022 Provas presenciais na sua escola\nGaranta seu lugar e embarque nessa experi\u00eancia \u00fanica!\n\nInforma\u00e7\u00e3o: kleber.bastos@ifam.edu.br (coordenador IFAM CMC)\" aria-hidden=\"true\">\n\t\t<\/a>\n\t<\/div>\n<\/div><div class=\"sbi_item sbi_type_carousel sbi_new sbi_transition\"\n\tid=\"sbi_18059287655008205\" data-date=\"1742405473\">\n\t<div class=\"sbi_photo_wrap\">\n\t\t<a class=\"sbi_photo\" href=\"https:\/\/www.instagram.com\/p\/DHY675kPpwi\/\" target=\"_blank\" rel=\"noopener nofollow\"\n\t\t\tdata-full-res=\"https:\/\/scontent.cdninstagram.com\/v\/t39.30808-6\/485794364_1177906694344852_6298742168529220538_n.jpg?stp=dst-jpg_e35_tt6&#038;_nc_cat=103&#038;ccb=1-7&#038;_nc_sid=18de74&#038;_nc_ohc=AwQr5jiMXEsQ7kNvgHbu3Bv&#038;_nc_oc=AdkRl4paw_LcT2A614TYaW_JA39ug2AuhwUfP7taxwXDV1FVAKAJVR5Xjx4qYPp283k&#038;_nc_zt=23&#038;_nc_ht=scontent.cdninstagram.com&#038;edm=ANo9K5cEAAAA&#038;_nc_gid=wqela-vQUdVzCbNVsXO11Q&#038;oh=00_AYEVecgLeekHOST383BxbQmsYqmxV4W-iKBK5JHMHQ2rBQ&#038;oe=67E8A6CB\"\n\t\t\tdata-img-src-set=\"{&quot;d&quot;:&quot;https:\\\/\\\/scontent.cdninstagram.com\\\/v\\\/t39.30808-6\\\/485794364_1177906694344852_6298742168529220538_n.jpg?stp=dst-jpg_e35_tt6&amp;_nc_cat=103&amp;ccb=1-7&amp;_nc_sid=18de74&amp;_nc_ohc=AwQr5jiMXEsQ7kNvgHbu3Bv&amp;_nc_oc=AdkRl4paw_LcT2A614TYaW_JA39ug2AuhwUfP7taxwXDV1FVAKAJVR5Xjx4qYPp283k&amp;_nc_zt=23&amp;_nc_ht=scontent.cdninstagram.com&amp;edm=ANo9K5cEAAAA&amp;_nc_gid=wqela-vQUdVzCbNVsXO11Q&amp;oh=00_AYEVecgLeekHOST383BxbQmsYqmxV4W-iKBK5JHMHQ2rBQ&amp;oe=67E8A6CB&quot;,&quot;150&quot;:&quot;https:\\\/\\\/scontent.cdninstagram.com\\\/v\\\/t39.30808-6\\\/485794364_1177906694344852_6298742168529220538_n.jpg?stp=dst-jpg_e35_tt6&amp;_nc_cat=103&amp;ccb=1-7&amp;_nc_sid=18de74&amp;_nc_ohc=AwQr5jiMXEsQ7kNvgHbu3Bv&amp;_nc_oc=AdkRl4paw_LcT2A614TYaW_JA39ug2AuhwUfP7taxwXDV1FVAKAJVR5Xjx4qYPp283k&amp;_nc_zt=23&amp;_nc_ht=scontent.cdninstagram.com&amp;edm=ANo9K5cEAAAA&amp;_nc_gid=wqela-vQUdVzCbNVsXO11Q&amp;oh=00_AYEVecgLeekHOST383BxbQmsYqmxV4W-iKBK5JHMHQ2rBQ&amp;oe=67E8A6CB&quot;,&quot;320&quot;:&quot;https:\\\/\\\/scontent.cdninstagram.com\\\/v\\\/t39.30808-6\\\/485794364_1177906694344852_6298742168529220538_n.jpg?stp=dst-jpg_e35_tt6&amp;_nc_cat=103&amp;ccb=1-7&amp;_nc_sid=18de74&amp;_nc_ohc=AwQr5jiMXEsQ7kNvgHbu3Bv&amp;_nc_oc=AdkRl4paw_LcT2A614TYaW_JA39ug2AuhwUfP7taxwXDV1FVAKAJVR5Xjx4qYPp283k&amp;_nc_zt=23&amp;_nc_ht=scontent.cdninstagram.com&amp;edm=ANo9K5cEAAAA&amp;_nc_gid=wqela-vQUdVzCbNVsXO11Q&amp;oh=00_AYEVecgLeekHOST383BxbQmsYqmxV4W-iKBK5JHMHQ2rBQ&amp;oe=67E8A6CB&quot;,&quot;640&quot;:&quot;https:\\\/\\\/scontent.cdninstagram.com\\\/v\\\/t39.30808-6\\\/485794364_1177906694344852_6298742168529220538_n.jpg?stp=dst-jpg_e35_tt6&amp;_nc_cat=103&amp;ccb=1-7&amp;_nc_sid=18de74&amp;_nc_ohc=AwQr5jiMXEsQ7kNvgHbu3Bv&amp;_nc_oc=AdkRl4paw_LcT2A614TYaW_JA39ug2AuhwUfP7taxwXDV1FVAKAJVR5Xjx4qYPp283k&amp;_nc_zt=23&amp;_nc_ht=scontent.cdninstagram.com&amp;edm=ANo9K5cEAAAA&amp;_nc_gid=wqela-vQUdVzCbNVsXO11Q&amp;oh=00_AYEVecgLeekHOST383BxbQmsYqmxV4W-iKBK5JHMHQ2rBQ&amp;oe=67E8A6CB&quot;}\">\n\t\t\t<span class=\"sbi-screenreader\">Energia, inova\u00e7\u00e3o e futuro: aulas pr\u00e1ticas no Labo<\/span>\n\t\t\t<svg class=\"svg-inline--fa fa-clone fa-w-16 sbi_lightbox_carousel_icon\" aria-hidden=\"true\" aria-label=\"Clone\" data-fa-pro\u0192cessed=\"\" data-prefix=\"far\" data-icon=\"clone\" role=\"img\" xmlns=\"http:\/\/www.w3.org\/2000\/svg\" viewBox=\"0 0 512 512\">\n                    <path fill=\"currentColor\" d=\"M464 0H144c-26.51 0-48 21.49-48 48v48H48c-26.51 0-48 21.49-48 48v320c0 26.51 21.49 48 48 48h320c26.51 0 48-21.49 48-48v-48h48c26.51 0 48-21.49 48-48V48c0-26.51-21.49-48-48-48zM362 464H54a6 6 0 0 1-6-6V150a6 6 0 0 1 6-6h42v224c0 26.51 21.49 48 48 48h224v42a6 6 0 0 1-6 6zm96-96H150a6 6 0 0 1-6-6V54a6 6 0 0 1 6-6h308a6 6 0 0 1 6 6v308a6 6 0 0 1-6 6z\"><\/path>\n                <\/svg>\t\t\t\t\t\t<img decoding=\"async\" src=\"https:\/\/sistemascmc.ifam.edu.br\/informescmc\/wp-content\/plugins\/instagram-feed\/img\/placeholder.png\" alt=\"Energia, inova\u00e7\u00e3o e futuro: aulas pr\u00e1ticas no Laborat\u00f3rio de Sistemas El\u00e9tricos de Pot\u00eancia do IFAM CMC\n\nNo cora\u00e7\u00e3o do IFAM Campus Manaus Centro, alunos do T\u00e9cnico Integrado em Eletrot\u00e9cnica e da Gradua\u00e7\u00e3o em Engenharia Mec\u00e2nica vivenciam na pr\u00e1tica o que significa trabalhar com energia. No Laborat\u00f3rio de Sistemas El\u00e9tricos de Pot\u00eancia, eles mergulham em aulas que unem teoria e pr\u00e1tica nas disciplinas de Sistemas El\u00e9tricos de Pot\u00eancia, Efici\u00eancia Energ\u00e9tica e Introdu\u00e7\u00e3o a Energias Renov\u00e1veis.\n\nAs imagens captadas mostram diferentes momentos desse aprendizado: alunos do ensino m\u00e9dio t\u00e9cnico analisam uma placa solar, explorando na pr\u00e1tica os conceitos de energia renov\u00e1vel. No ch\u00e3o, outras placas s\u00e3o estudadas com instrumentos t\u00e9cnicos, evidenciando o rigor na an\u00e1lise el\u00e9trica. J\u00e1 nas baias do laborat\u00f3rio, adultos e egressos testam sistemas el\u00e9tricos, aprimorando habilidades essenciais para o mercado de trabalho.\n\nO IFAM n\u00e3o apenas forma profissionais, mas constr\u00f3i um futuro mais sustent\u00e1vel. Seja no ensino t\u00e9cnico ou na gradua\u00e7\u00e3o, a institui\u00e7\u00e3o abre caminhos para quem deseja atuar no setor el\u00e9trico, promovendo conhecimento e inova\u00e7\u00e3o.\n\n\ud83d\udccd Quer se especializar em uma dessas \u00e1reas? Fique de olho em nossos cursos e venha fazer parte dessa transforma\u00e7\u00e3o! #IFAM #Educa\u00e7\u00e3oQueTransforma #EnergiaRenov\u00e1vel #Eletrot\u00e9cnica #EngenhariaMec\u00e2nica\" aria-hidden=\"true\">\n\t\t<\/a>\n\t<\/div>\n<\/div><div class=\"sbi_item sbi_type_image sbi_new sbi_transition\"\n\tid=\"sbi_17896499019175638\" data-date=\"1742403924\">\n\t<div class=\"sbi_photo_wrap\">\n\t\t<a class=\"sbi_photo\" href=\"https:\/\/www.instagram.com\/p\/DHY3-xHAVuC\/\" target=\"_blank\" rel=\"noopener nofollow\"\n\t\t\tdata-full-res=\"https:\/\/scontent.cdninstagram.com\/v\/t51.29350-15\/485274604_1239425904861811_1083680202753999525_n.heic?stp=dst-jpg_e35_tt6&#038;_nc_cat=105&#038;ccb=1-7&#038;_nc_sid=18de74&#038;_nc_ohc=LYUbG29KvAkQ7kNvgFryMC9&#038;_nc_oc=AdkubvOk2ceRGiA8J9jQSxJh9twXquUG16lLHnS0OEhZHJZZw15a4cmNFS9ImAi7mEo&#038;_nc_zt=23&#038;_nc_ht=scontent.cdninstagram.com&#038;edm=ANo9K5cEAAAA&#038;_nc_gid=wqela-vQUdVzCbNVsXO11Q&#038;oh=00_AYF3OjbBEA6vXbc9_AUIM_ISsoD3jxh4Lb49tXbU5s0whA&#038;oe=67E8B681\"\n\t\t\tdata-img-src-set=\"{&quot;d&quot;:&quot;https:\\\/\\\/scontent.cdninstagram.com\\\/v\\\/t51.29350-15\\\/485274604_1239425904861811_1083680202753999525_n.heic?stp=dst-jpg_e35_tt6&amp;_nc_cat=105&amp;ccb=1-7&amp;_nc_sid=18de74&amp;_nc_ohc=LYUbG29KvAkQ7kNvgFryMC9&amp;_nc_oc=AdkubvOk2ceRGiA8J9jQSxJh9twXquUG16lLHnS0OEhZHJZZw15a4cmNFS9ImAi7mEo&amp;_nc_zt=23&amp;_nc_ht=scontent.cdninstagram.com&amp;edm=ANo9K5cEAAAA&amp;_nc_gid=wqela-vQUdVzCbNVsXO11Q&amp;oh=00_AYF3OjbBEA6vXbc9_AUIM_ISsoD3jxh4Lb49tXbU5s0whA&amp;oe=67E8B681&quot;,&quot;150&quot;:&quot;https:\\\/\\\/scontent.cdninstagram.com\\\/v\\\/t51.29350-15\\\/485274604_1239425904861811_1083680202753999525_n.heic?stp=dst-jpg_e35_tt6&amp;_nc_cat=105&amp;ccb=1-7&amp;_nc_sid=18de74&amp;_nc_ohc=LYUbG29KvAkQ7kNvgFryMC9&amp;_nc_oc=AdkubvOk2ceRGiA8J9jQSxJh9twXquUG16lLHnS0OEhZHJZZw15a4cmNFS9ImAi7mEo&amp;_nc_zt=23&amp;_nc_ht=scontent.cdninstagram.com&amp;edm=ANo9K5cEAAAA&amp;_nc_gid=wqela-vQUdVzCbNVsXO11Q&amp;oh=00_AYF3OjbBEA6vXbc9_AUIM_ISsoD3jxh4Lb49tXbU5s0whA&amp;oe=67E8B681&quot;,&quot;320&quot;:&quot;https:\\\/\\\/scontent.cdninstagram.com\\\/v\\\/t51.29350-15\\\/485274604_1239425904861811_1083680202753999525_n.heic?stp=dst-jpg_e35_tt6&amp;_nc_cat=105&amp;ccb=1-7&amp;_nc_sid=18de74&amp;_nc_ohc=LYUbG29KvAkQ7kNvgFryMC9&amp;_nc_oc=AdkubvOk2ceRGiA8J9jQSxJh9twXquUG16lLHnS0OEhZHJZZw15a4cmNFS9ImAi7mEo&amp;_nc_zt=23&amp;_nc_ht=scontent.cdninstagram.com&amp;edm=ANo9K5cEAAAA&amp;_nc_gid=wqela-vQUdVzCbNVsXO11Q&amp;oh=00_AYF3OjbBEA6vXbc9_AUIM_ISsoD3jxh4Lb49tXbU5s0whA&amp;oe=67E8B681&quot;,&quot;640&quot;:&quot;https:\\\/\\\/scontent.cdninstagram.com\\\/v\\\/t51.29350-15\\\/485274604_1239425904861811_1083680202753999525_n.heic?stp=dst-jpg_e35_tt6&amp;_nc_cat=105&amp;ccb=1-7&amp;_nc_sid=18de74&amp;_nc_ohc=LYUbG29KvAkQ7kNvgFryMC9&amp;_nc_oc=AdkubvOk2ceRGiA8J9jQSxJh9twXquUG16lLHnS0OEhZHJZZw15a4cmNFS9ImAi7mEo&amp;_nc_zt=23&amp;_nc_ht=scontent.cdninstagram.com&amp;edm=ANo9K5cEAAAA&amp;_nc_gid=wqela-vQUdVzCbNVsXO11Q&amp;oh=00_AYF3OjbBEA6vXbc9_AUIM_ISsoD3jxh4Lb49tXbU5s0whA&amp;oe=67E8B681&quot;}\">\n\t\t\t<span class=\"sbi-screenreader\">\ud83c\udf93 1\u00ba Encontro de IEDF 2025 \u2013 Conectando Gera\u00e7\u00f5es n<\/span>\n\t\t\t\t\t\t\t\t\t<img decoding=\"async\" src=\"https:\/\/sistemascmc.ifam.edu.br\/informescmc\/wp-content\/plugins\/instagram-feed\/img\/placeholder.png\" alt=\"\ud83c\udf93 1\u00ba Encontro de IEDF 2025 \u2013 Conectando Gera\u00e7\u00f5es no IFAM CMC \ud83c\udf93\n\nHoje pela manh\u00e3, o IFAM Campus Manaus Centro foi palco do 1\u00ba Encontro de IEDF 2025, um momento especial que reuniu todos os alunos do curso, desde os ingressantes at\u00e9 os veteranos e egressos. Foi uma grande recep\u00e7\u00e3o para quem est\u00e1 come\u00e7ando essa jornada, com apresenta\u00e7\u00f5es sobre as atividades do curso, equipes e grupos de trabalho que fazem parte da forma\u00e7\u00e3o.\n\nNa foto, temos quem est\u00e1 iniciando e quem j\u00e1 est\u00e1 finalizando essa caminhada, um retrato do compromisso do IFAM CMC com a forma\u00e7\u00e3o de profissionais qualificados e preparados para os desafios do futuro.\n\nEstamos felizes por essa troca de experi\u00eancias e por cada aluno que faz parte dessa hist\u00f3ria! Que esta trajet\u00f3ria seja de muito aprendizado e conquistas! \ud83d\ude80\ud83d\udcda\n\n#IFAM #Educa\u00e7\u00e3oQueTransforma #OrgulhoIFAM #FuturosProfissionais\" aria-hidden=\"true\">\n\t\t<\/a>\n\t<\/div>\n<\/div><div class=\"sbi_item sbi_type_image sbi_new sbi_transition\"\n\tid=\"sbi_18263048341273606\" data-date=\"1742324089\">\n\t<div class=\"sbi_photo_wrap\">\n\t\t<a class=\"sbi_photo\" href=\"https:\/\/www.instagram.com\/p\/DHWftS0piXu\/\" target=\"_blank\" rel=\"noopener nofollow\"\n\t\t\tdata-full-res=\"https:\/\/scontent.cdninstagram.com\/v\/t39.30808-6\/485160418_1176985284436993_4206605081321117258_n.jpg?stp=dst-jpg_e35_tt6&#038;_nc_cat=103&#038;ccb=1-7&#038;_nc_sid=18de74&#038;_nc_ohc=Dgb7VxpeGDYQ7kNvgE6CUI9&#038;_nc_oc=AdnVfSII3JceVbM4KfQ1GKEI1GE5fpnIhqQO8690BW9rxLaJMvPTAW6XxekBlXZpqgI&#038;_nc_zt=23&#038;_nc_ht=scontent.cdninstagram.com&#038;edm=ANo9K5cEAAAA&#038;_nc_gid=wqela-vQUdVzCbNVsXO11Q&#038;oh=00_AYEQTsM9BuyaFmPoi8ofNHP3aIhZZIspEep8baxIP1FqFA&#038;oe=67E8CEA1\"\n\t\t\tdata-img-src-set=\"{&quot;d&quot;:&quot;https:\\\/\\\/scontent.cdninstagram.com\\\/v\\\/t39.30808-6\\\/485160418_1176985284436993_4206605081321117258_n.jpg?stp=dst-jpg_e35_tt6&amp;_nc_cat=103&amp;ccb=1-7&amp;_nc_sid=18de74&amp;_nc_ohc=Dgb7VxpeGDYQ7kNvgE6CUI9&amp;_nc_oc=AdnVfSII3JceVbM4KfQ1GKEI1GE5fpnIhqQO8690BW9rxLaJMvPTAW6XxekBlXZpqgI&amp;_nc_zt=23&amp;_nc_ht=scontent.cdninstagram.com&amp;edm=ANo9K5cEAAAA&amp;_nc_gid=wqela-vQUdVzCbNVsXO11Q&amp;oh=00_AYEQTsM9BuyaFmPoi8ofNHP3aIhZZIspEep8baxIP1FqFA&amp;oe=67E8CEA1&quot;,&quot;150&quot;:&quot;https:\\\/\\\/scontent.cdninstagram.com\\\/v\\\/t39.30808-6\\\/485160418_1176985284436993_4206605081321117258_n.jpg?stp=dst-jpg_e35_tt6&amp;_nc_cat=103&amp;ccb=1-7&amp;_nc_sid=18de74&amp;_nc_ohc=Dgb7VxpeGDYQ7kNvgE6CUI9&amp;_nc_oc=AdnVfSII3JceVbM4KfQ1GKEI1GE5fpnIhqQO8690BW9rxLaJMvPTAW6XxekBlXZpqgI&amp;_nc_zt=23&amp;_nc_ht=scontent.cdninstagram.com&amp;edm=ANo9K5cEAAAA&amp;_nc_gid=wqela-vQUdVzCbNVsXO11Q&amp;oh=00_AYEQTsM9BuyaFmPoi8ofNHP3aIhZZIspEep8baxIP1FqFA&amp;oe=67E8CEA1&quot;,&quot;320&quot;:&quot;https:\\\/\\\/scontent.cdninstagram.com\\\/v\\\/t39.30808-6\\\/485160418_1176985284436993_4206605081321117258_n.jpg?stp=dst-jpg_e35_tt6&amp;_nc_cat=103&amp;ccb=1-7&amp;_nc_sid=18de74&amp;_nc_ohc=Dgb7VxpeGDYQ7kNvgE6CUI9&amp;_nc_oc=AdnVfSII3JceVbM4KfQ1GKEI1GE5fpnIhqQO8690BW9rxLaJMvPTAW6XxekBlXZpqgI&amp;_nc_zt=23&amp;_nc_ht=scontent.cdninstagram.com&amp;edm=ANo9K5cEAAAA&amp;_nc_gid=wqela-vQUdVzCbNVsXO11Q&amp;oh=00_AYEQTsM9BuyaFmPoi8ofNHP3aIhZZIspEep8baxIP1FqFA&amp;oe=67E8CEA1&quot;,&quot;640&quot;:&quot;https:\\\/\\\/scontent.cdninstagram.com\\\/v\\\/t39.30808-6\\\/485160418_1176985284436993_4206605081321117258_n.jpg?stp=dst-jpg_e35_tt6&amp;_nc_cat=103&amp;ccb=1-7&amp;_nc_sid=18de74&amp;_nc_ohc=Dgb7VxpeGDYQ7kNvgE6CUI9&amp;_nc_oc=AdnVfSII3JceVbM4KfQ1GKEI1GE5fpnIhqQO8690BW9rxLaJMvPTAW6XxekBlXZpqgI&amp;_nc_zt=23&amp;_nc_ht=scontent.cdninstagram.com&amp;edm=ANo9K5cEAAAA&amp;_nc_gid=wqela-vQUdVzCbNVsXO11Q&amp;oh=00_AYEQTsM9BuyaFmPoi8ofNHP3aIhZZIspEep8baxIP1FqFA&amp;oe=67E8CEA1&quot;}\">\n\t\t\t<span class=\"sbi-screenreader\">\ud83d\udce2 ALUNO DO CURSO T\u00c9CNICO EM QU\u00cdMICA REALIZA PESQUI<\/span>\n\t\t\t\t\t\t\t\t\t<img decoding=\"async\" src=\"https:\/\/sistemascmc.ifam.edu.br\/informescmc\/wp-content\/plugins\/instagram-feed\/img\/placeholder.png\" alt=\"\ud83d\udce2 ALUNO DO CURSO T\u00c9CNICO EM QU\u00cdMICA REALIZA PESQUISA SOBRE QUALIDADE DA \u00c1GUA \ud83d\udca7\ud83d\udd2c\n\nA ci\u00eancia avan\u00e7a quando a curiosidade encontra oportunidades! No IFAM, os alunos do curso t\u00e9cnico em Qu\u00edmica n\u00e3o apenas aprendem em sala de aula, mas tamb\u00e9m se envolvem em projetos de pesquisa e extens\u00e3o que ampliam seus conhecimentos e contribuem para a sociedade.\n\n\u00c9 o caso de Ant\u00f4nio Nickson da Cruz Bezerra, estudante do curso t\u00e9cnico em Qu\u00edmica, que est\u00e1 realizando uma pesquisa de inicia\u00e7\u00e3o cient\u00edfica sobre a qualidade da \u00e1gua. Sob a orienta\u00e7\u00e3o das professoras Rogete Batista e Silva Mendon\u00e7a, ele analisa par\u00e2metros f\u00edsico-qu\u00edmicos e microbiol\u00f3gicos, investigando aspectos essenciais para garantir a seguran\u00e7a e a potabilidade da \u00e1gua consumida.\n\nEsse tipo de pesquisa \u00e9 fundamental para identificar poss\u00edveis contamina\u00e7\u00f5es, entender a composi\u00e7\u00e3o da \u00e1gua e desenvolver solu\u00e7\u00f5es para o tratamento e preserva\u00e7\u00e3o dos recursos h\u00eddricos. Mais do que um aprendizado t\u00e9cnico, Nickson est\u00e1 aplicando seus conhecimentos na pr\u00e1tica e contribuindo para um futuro mais sustent\u00e1vel!\n\n\ud83d\udd2c\ud83d\udca1 Quer saber mais sobre as pesquisas desenvolvidas pelos alunos do IFAM? Fique ligado em nossas redes sociais! #Ci\u00eanciaNoIFAM #Pesquisa #Qu\u00edmica #\u00c1gua\u00c9Vida\" aria-hidden=\"true\">\n\t\t<\/a>\n\t<\/div>\n<\/div><div class=\"sbi_item sbi_type_image sbi_new sbi_transition\"\n\tid=\"sbi_18079305883657028\" data-date=\"1742323796\">\n\t<div class=\"sbi_photo_wrap\">\n\t\t<a class=\"sbi_photo\" href=\"https:\/\/www.instagram.com\/p\/DHWfJd4OtcF\/\" target=\"_blank\" rel=\"noopener nofollow\"\n\t\t\tdata-full-res=\"https:\/\/scontent.cdninstagram.com\/v\/t39.30808-6\/485075284_1176981407770714_8297551595193362595_n.jpg?stp=dst-jpg_e35_tt6&#038;_nc_cat=110&#038;ccb=1-7&#038;_nc_sid=18de74&#038;_nc_ohc=qnNRBAQ-SSQQ7kNvgGxvOjM&#038;_nc_oc=AdkHQp7HAMeYiQvyIDX0RkoQCgQLS8t9JIA2XdFNEXiBLhlQpc_8HiWaNsI9IhMNeqc&#038;_nc_zt=23&#038;_nc_ht=scontent.cdninstagram.com&#038;edm=ANo9K5cEAAAA&#038;_nc_gid=wqela-vQUdVzCbNVsXO11Q&#038;oh=00_AYEYUkDVZLwwkrNH8OgdUikmFcuWs6wSEmNH9stsufee8A&#038;oe=67E8BA73\"\n\t\t\tdata-img-src-set=\"{&quot;d&quot;:&quot;https:\\\/\\\/scontent.cdninstagram.com\\\/v\\\/t39.30808-6\\\/485075284_1176981407770714_8297551595193362595_n.jpg?stp=dst-jpg_e35_tt6&amp;_nc_cat=110&amp;ccb=1-7&amp;_nc_sid=18de74&amp;_nc_ohc=qnNRBAQ-SSQQ7kNvgGxvOjM&amp;_nc_oc=AdkHQp7HAMeYiQvyIDX0RkoQCgQLS8t9JIA2XdFNEXiBLhlQpc_8HiWaNsI9IhMNeqc&amp;_nc_zt=23&amp;_nc_ht=scontent.cdninstagram.com&amp;edm=ANo9K5cEAAAA&amp;_nc_gid=wqela-vQUdVzCbNVsXO11Q&amp;oh=00_AYEYUkDVZLwwkrNH8OgdUikmFcuWs6wSEmNH9stsufee8A&amp;oe=67E8BA73&quot;,&quot;150&quot;:&quot;https:\\\/\\\/scontent.cdninstagram.com\\\/v\\\/t39.30808-6\\\/485075284_1176981407770714_8297551595193362595_n.jpg?stp=dst-jpg_e35_tt6&amp;_nc_cat=110&amp;ccb=1-7&amp;_nc_sid=18de74&amp;_nc_ohc=qnNRBAQ-SSQQ7kNvgGxvOjM&amp;_nc_oc=AdkHQp7HAMeYiQvyIDX0RkoQCgQLS8t9JIA2XdFNEXiBLhlQpc_8HiWaNsI9IhMNeqc&amp;_nc_zt=23&amp;_nc_ht=scontent.cdninstagram.com&amp;edm=ANo9K5cEAAAA&amp;_nc_gid=wqela-vQUdVzCbNVsXO11Q&amp;oh=00_AYEYUkDVZLwwkrNH8OgdUikmFcuWs6wSEmNH9stsufee8A&amp;oe=67E8BA73&quot;,&quot;320&quot;:&quot;https:\\\/\\\/scontent.cdninstagram.com\\\/v\\\/t39.30808-6\\\/485075284_1176981407770714_8297551595193362595_n.jpg?stp=dst-jpg_e35_tt6&amp;_nc_cat=110&amp;ccb=1-7&amp;_nc_sid=18de74&amp;_nc_ohc=qnNRBAQ-SSQQ7kNvgGxvOjM&amp;_nc_oc=AdkHQp7HAMeYiQvyIDX0RkoQCgQLS8t9JIA2XdFNEXiBLhlQpc_8HiWaNsI9IhMNeqc&amp;_nc_zt=23&amp;_nc_ht=scontent.cdninstagram.com&amp;edm=ANo9K5cEAAAA&amp;_nc_gid=wqela-vQUdVzCbNVsXO11Q&amp;oh=00_AYEYUkDVZLwwkrNH8OgdUikmFcuWs6wSEmNH9stsufee8A&amp;oe=67E8BA73&quot;,&quot;640&quot;:&quot;https:\\\/\\\/scontent.cdninstagram.com\\\/v\\\/t39.30808-6\\\/485075284_1176981407770714_8297551595193362595_n.jpg?stp=dst-jpg_e35_tt6&amp;_nc_cat=110&amp;ccb=1-7&amp;_nc_sid=18de74&amp;_nc_ohc=qnNRBAQ-SSQQ7kNvgGxvOjM&amp;_nc_oc=AdkHQp7HAMeYiQvyIDX0RkoQCgQLS8t9JIA2XdFNEXiBLhlQpc_8HiWaNsI9IhMNeqc&amp;_nc_zt=23&amp;_nc_ht=scontent.cdninstagram.com&amp;edm=ANo9K5cEAAAA&amp;_nc_gid=wqela-vQUdVzCbNVsXO11Q&amp;oh=00_AYEYUkDVZLwwkrNH8OgdUikmFcuWs6wSEmNH9stsufee8A&amp;oe=67E8BA73&quot;}\">\n\t\t\t<span class=\"sbi-screenreader\">VII Olimp\u00edada de Matem\u00e1tica das Institui\u00e7\u00f5es Feder<\/span>\n\t\t\t\t\t\t\t\t\t<img decoding=\"async\" src=\"https:\/\/sistemascmc.ifam.edu.br\/informescmc\/wp-content\/plugins\/instagram-feed\/img\/placeholder.png\" alt=\"VII Olimp\u00edada de Matem\u00e1tica das Institui\u00e7\u00f5es Federais (OMIF 2025).\n\ud83d\udccc Per\u00edodo de Inscri\u00e7\u00e3o: at\u00e9 20 de abril de 2025\n\nA OMIF \u00e9 um projeto de ensino, pesquisa e extens\u00e3o que se caracteriza por ser uma olimp\u00edada de matem\u00e1tica e um encontro de estudantes e docentes, com o objetivo de promover forma\u00e7\u00e3o continuada, propagar a import\u00e2ncia da Matem\u00e1tica, promover acessibilidade, al\u00e9m de servir como uma estrat\u00e9gia pedag\u00f3gica. Ela \u00e9 direcionada para estudantes e professores do ensino t\u00e9cnico integrado ao Ensino\nM\u00e9dio das institui\u00e7\u00f5es da Rede Federal de Educa\u00e7\u00e3o Profissional, Cient\u00edfica e Tecnol\u00f3gica (Rede Federal) e para estudantes e professores da educa\u00e7\u00e3o b\u00e1sica da Rede Municipal e Estadual e das escolas privadas da regi\u00e3o onde ocorre o encontro.\nA OMIF \u00e9 realizada em duas fases: a primeira na escola do candidato e a segunda em um campus espec\u00edfico da Rede Federal, o qual \u00e9 definido anteriormente \u00e0 edi\u00e7\u00e3o atual por meio de edital espec\u00edfico. A 2a fase da VII OMIF ser\u00e1 realizada no Instituto Federal do Paran\u00e1 - IFPR \/ Campus Irati e ser\u00e1 um evento presencial com palestras, minicursos, oficinas, atividades culturais, cerim\u00f4nia de premia\u00e7\u00e3o, entre outras a\u00e7\u00f5es.\nNesta edi\u00e7\u00e3o, a execu\u00e7\u00e3o da 1a fase ocorrer\u00e1 no per\u00edodo de 13\/05\/2025 a 15\/05\/2025 e a 2a fase ocorrer\u00e1 de 20\/11\/2025 a 23\/11\/2025.\n\nPara mais informa\u00e7\u00e3o, vejam o Regulamento da OMIF 2025 no endere\u00e7o:\n.\nhttps:\/\/omif.com.br\/images\/pdf\/regulamento_OMIF_2025.pdf\n\nFa\u00e7a sua Inscri\u00e7\u00e3o na OMIF 2025\nhttps:\/\/omif.com.br\/\" aria-hidden=\"true\">\n\t\t<\/a>\n\t<\/div>\n<\/div><div class=\"sbi_item sbi_type_image sbi_new sbi_transition\"\n\tid=\"sbi_18295241062172035\" data-date=\"1742320566\">\n\t<div class=\"sbi_photo_wrap\">\n\t\t<a class=\"sbi_photo\" href=\"https:\/\/www.instagram.com\/p\/DHWY_QbOfz4\/\" target=\"_blank\" rel=\"noopener nofollow\"\n\t\t\tdata-full-res=\"https:\/\/scontent.cdninstagram.com\/v\/t39.30808-6\/484527049_1176952117773643_5663778954312148699_n.jpg?stp=dst-jpg_e35_tt6&#038;_nc_cat=105&#038;ccb=1-7&#038;_nc_sid=18de74&#038;_nc_ohc=Wp49qyJV9V0Q7kNvgEkmBc7&#038;_nc_oc=Adm2NzzSedscClCGjrNJJFlQpJJYgXAwJYeb6wvmipM05hyk6oGXe1MB5aUaakiD0Ik&#038;_nc_zt=23&#038;_nc_ht=scontent.cdninstagram.com&#038;edm=ANo9K5cEAAAA&#038;_nc_gid=wqela-vQUdVzCbNVsXO11Q&#038;oh=00_AYHWgoiMdYH_aOJqZKhfzsLznS4gpPUxcrZLq4_Zt3l11w&#038;oe=67E8D029\"\n\t\t\tdata-img-src-set=\"{&quot;d&quot;:&quot;https:\\\/\\\/scontent.cdninstagram.com\\\/v\\\/t39.30808-6\\\/484527049_1176952117773643_5663778954312148699_n.jpg?stp=dst-jpg_e35_tt6&amp;_nc_cat=105&amp;ccb=1-7&amp;_nc_sid=18de74&amp;_nc_ohc=Wp49qyJV9V0Q7kNvgEkmBc7&amp;_nc_oc=Adm2NzzSedscClCGjrNJJFlQpJJYgXAwJYeb6wvmipM05hyk6oGXe1MB5aUaakiD0Ik&amp;_nc_zt=23&amp;_nc_ht=scontent.cdninstagram.com&amp;edm=ANo9K5cEAAAA&amp;_nc_gid=wqela-vQUdVzCbNVsXO11Q&amp;oh=00_AYHWgoiMdYH_aOJqZKhfzsLznS4gpPUxcrZLq4_Zt3l11w&amp;oe=67E8D029&quot;,&quot;150&quot;:&quot;https:\\\/\\\/scontent.cdninstagram.com\\\/v\\\/t39.30808-6\\\/484527049_1176952117773643_5663778954312148699_n.jpg?stp=dst-jpg_e35_tt6&amp;_nc_cat=105&amp;ccb=1-7&amp;_nc_sid=18de74&amp;_nc_ohc=Wp49qyJV9V0Q7kNvgEkmBc7&amp;_nc_oc=Adm2NzzSedscClCGjrNJJFlQpJJYgXAwJYeb6wvmipM05hyk6oGXe1MB5aUaakiD0Ik&amp;_nc_zt=23&amp;_nc_ht=scontent.cdninstagram.com&amp;edm=ANo9K5cEAAAA&amp;_nc_gid=wqela-vQUdVzCbNVsXO11Q&amp;oh=00_AYHWgoiMdYH_aOJqZKhfzsLznS4gpPUxcrZLq4_Zt3l11w&amp;oe=67E8D029&quot;,&quot;320&quot;:&quot;https:\\\/\\\/scontent.cdninstagram.com\\\/v\\\/t39.30808-6\\\/484527049_1176952117773643_5663778954312148699_n.jpg?stp=dst-jpg_e35_tt6&amp;_nc_cat=105&amp;ccb=1-7&amp;_nc_sid=18de74&amp;_nc_ohc=Wp49qyJV9V0Q7kNvgEkmBc7&amp;_nc_oc=Adm2NzzSedscClCGjrNJJFlQpJJYgXAwJYeb6wvmipM05hyk6oGXe1MB5aUaakiD0Ik&amp;_nc_zt=23&amp;_nc_ht=scontent.cdninstagram.com&amp;edm=ANo9K5cEAAAA&amp;_nc_gid=wqela-vQUdVzCbNVsXO11Q&amp;oh=00_AYHWgoiMdYH_aOJqZKhfzsLznS4gpPUxcrZLq4_Zt3l11w&amp;oe=67E8D029&quot;,&quot;640&quot;:&quot;https:\\\/\\\/scontent.cdninstagram.com\\\/v\\\/t39.30808-6\\\/484527049_1176952117773643_5663778954312148699_n.jpg?stp=dst-jpg_e35_tt6&amp;_nc_cat=105&amp;ccb=1-7&amp;_nc_sid=18de74&amp;_nc_ohc=Wp49qyJV9V0Q7kNvgEkmBc7&amp;_nc_oc=Adm2NzzSedscClCGjrNJJFlQpJJYgXAwJYeb6wvmipM05hyk6oGXe1MB5aUaakiD0Ik&amp;_nc_zt=23&amp;_nc_ht=scontent.cdninstagram.com&amp;edm=ANo9K5cEAAAA&amp;_nc_gid=wqela-vQUdVzCbNVsXO11Q&amp;oh=00_AYHWgoiMdYH_aOJqZKhfzsLznS4gpPUxcrZLq4_Zt3l11w&amp;oe=67E8D029&quot;}\">\n\t\t\t<span class=\"sbi-screenreader\">Oportunidade imperd\u00edvel para estudantes do 9\u00ba ano <\/span>\n\t\t\t\t\t\t\t\t\t<img decoding=\"async\" src=\"https:\/\/sistemascmc.ifam.edu.br\/informescmc\/wp-content\/plugins\/instagram-feed\/img\/placeholder.png\" alt=\"Oportunidade imperd\u00edvel para estudantes do 9\u00ba ano de escola p\u00fablica!\n\nO PARTIUIF chegou ao IFAM Campus Manaus Centro! \ud83d\udc9a\ud83d\udcda Se voc\u00ea estuda em escola p\u00fablica e tem at\u00e9 17 anos, essa \u00e9 a sua chance de participar desse programa e ainda receber um aux\u00edlio mensal de R$ 200 para transporte e alimenta\u00e7\u00e3o.\n\n\u2705 Curso gratuito de Forma\u00e7\u00e3o Inicial e Continuada (FIC)\n\u2705 Aulas 3x por semana no per\u00edodo da tarde\n\u2705 Inscri\u00e7\u00f5es presenciais: de 17 a 26 de mar\u00e7o no IFAM-CMC\n\n\ud83d\udccc Saiba mais acessando o edital completo!\n\ud83d\udd17 https:\/\/bit.ly\/partiu-if-cmc\n\n\ud83d\udce2 Marque aquele amigo que precisa dessa oportunidade e compartilhe!\n\n#PartiuIFAM #IFAMCMC #Educa\u00e7\u00e3oQueTransforma #EnsinoGratuito #Oportunidade\" aria-hidden=\"true\">\n\t\t<\/a>\n\t<\/div>\n<\/div><div class=\"sbi_item sbi_type_image sbi_new sbi_transition\"\n\tid=\"sbi_18037355015229971\" data-date=\"1742305717\">\n\t<div class=\"sbi_photo_wrap\">\n\t\t<a class=\"sbi_photo\" href=\"https:\/\/www.instagram.com\/p\/DHV8qnNzRqU\/\" target=\"_blank\" rel=\"noopener nofollow\"\n\t\t\tdata-full-res=\"https:\/\/scontent.cdninstagram.com\/v\/t39.30808-6\/484105158_1176774247791430_7795231480509390030_n.jpg?stp=dst-jpg_e35_tt6&#038;_nc_cat=110&#038;ccb=1-7&#038;_nc_sid=18de74&#038;_nc_ohc=O-J5WyQ4Md0Q7kNvgEzTWx4&#038;_nc_oc=AdljnPloEA5Mu56HDfeWbGEJlJw3FlEJRU33kgEpfyUFH9CIPgsK2INz_TWmDVR8YU0&#038;_nc_zt=23&#038;_nc_ht=scontent.cdninstagram.com&#038;edm=ANo9K5cEAAAA&#038;_nc_gid=wqela-vQUdVzCbNVsXO11Q&#038;oh=00_AYH5YiK6rLw8eWUbYCkfhQaR43J3Tmiw7etX_UDv6IFEZA&#038;oe=67E8B216\"\n\t\t\tdata-img-src-set=\"{&quot;d&quot;:&quot;https:\\\/\\\/scontent.cdninstagram.com\\\/v\\\/t39.30808-6\\\/484105158_1176774247791430_7795231480509390030_n.jpg?stp=dst-jpg_e35_tt6&amp;_nc_cat=110&amp;ccb=1-7&amp;_nc_sid=18de74&amp;_nc_ohc=O-J5WyQ4Md0Q7kNvgEzTWx4&amp;_nc_oc=AdljnPloEA5Mu56HDfeWbGEJlJw3FlEJRU33kgEpfyUFH9CIPgsK2INz_TWmDVR8YU0&amp;_nc_zt=23&amp;_nc_ht=scontent.cdninstagram.com&amp;edm=ANo9K5cEAAAA&amp;_nc_gid=wqela-vQUdVzCbNVsXO11Q&amp;oh=00_AYH5YiK6rLw8eWUbYCkfhQaR43J3Tmiw7etX_UDv6IFEZA&amp;oe=67E8B216&quot;,&quot;150&quot;:&quot;https:\\\/\\\/scontent.cdninstagram.com\\\/v\\\/t39.30808-6\\\/484105158_1176774247791430_7795231480509390030_n.jpg?stp=dst-jpg_e35_tt6&amp;_nc_cat=110&amp;ccb=1-7&amp;_nc_sid=18de74&amp;_nc_ohc=O-J5WyQ4Md0Q7kNvgEzTWx4&amp;_nc_oc=AdljnPloEA5Mu56HDfeWbGEJlJw3FlEJRU33kgEpfyUFH9CIPgsK2INz_TWmDVR8YU0&amp;_nc_zt=23&amp;_nc_ht=scontent.cdninstagram.com&amp;edm=ANo9K5cEAAAA&amp;_nc_gid=wqela-vQUdVzCbNVsXO11Q&amp;oh=00_AYH5YiK6rLw8eWUbYCkfhQaR43J3Tmiw7etX_UDv6IFEZA&amp;oe=67E8B216&quot;,&quot;320&quot;:&quot;https:\\\/\\\/scontent.cdninstagram.com\\\/v\\\/t39.30808-6\\\/484105158_1176774247791430_7795231480509390030_n.jpg?stp=dst-jpg_e35_tt6&amp;_nc_cat=110&amp;ccb=1-7&amp;_nc_sid=18de74&amp;_nc_ohc=O-J5WyQ4Md0Q7kNvgEzTWx4&amp;_nc_oc=AdljnPloEA5Mu56HDfeWbGEJlJw3FlEJRU33kgEpfyUFH9CIPgsK2INz_TWmDVR8YU0&amp;_nc_zt=23&amp;_nc_ht=scontent.cdninstagram.com&amp;edm=ANo9K5cEAAAA&amp;_nc_gid=wqela-vQUdVzCbNVsXO11Q&amp;oh=00_AYH5YiK6rLw8eWUbYCkfhQaR43J3Tmiw7etX_UDv6IFEZA&amp;oe=67E8B216&quot;,&quot;640&quot;:&quot;https:\\\/\\\/scontent.cdninstagram.com\\\/v\\\/t39.30808-6\\\/484105158_1176774247791430_7795231480509390030_n.jpg?stp=dst-jpg_e35_tt6&amp;_nc_cat=110&amp;ccb=1-7&amp;_nc_sid=18de74&amp;_nc_ohc=O-J5WyQ4Md0Q7kNvgEzTWx4&amp;_nc_oc=AdljnPloEA5Mu56HDfeWbGEJlJw3FlEJRU33kgEpfyUFH9CIPgsK2INz_TWmDVR8YU0&amp;_nc_zt=23&amp;_nc_ht=scontent.cdninstagram.com&amp;edm=ANo9K5cEAAAA&amp;_nc_gid=wqela-vQUdVzCbNVsXO11Q&amp;oh=00_AYH5YiK6rLw8eWUbYCkfhQaR43J3Tmiw7etX_UDv6IFEZA&amp;oe=67E8B216&quot;}\">\n\t\t\t<span class=\"sbi-screenreader\">Vem participar dessa oportunidade: Workshop Sinaps<\/span>\n\t\t\t\t\t\t\t\t\t<img decoding=\"async\" src=\"https:\/\/sistemascmc.ifam.edu.br\/informescmc\/wp-content\/plugins\/instagram-feed\/img\/placeholder.png\" alt=\"Vem participar dessa oportunidade: Workshop SinapseBio no IFAM-CMC\n\nDe uma forma muito pr\u00e1tica e interativa, vamos entender mais sobre neg\u00f3cios de impacto na l\u00f3gica de mercado, al\u00e9m de dicas valiosas para escrever propostas vencedoras de editais.\n\nOficina pr\u00e1tica: Vamos realizar uma oficina de escrita de propostas, que poder\u00e3o conquistar at\u00e9 50 mil reais para ajudar nos seus primeiros passos como empreendedor na Amaz\u00f4nia\n\nPara facilitar seu acesso ao evento, recomendamos o uso do aplicativo da Sympla. Com ele, voc\u00ea poder\u00e1 adquirir seu ingresso de forma r\u00e1pida e segura, al\u00e9m de receber todas as informa\u00e7\u00f5es atualizadas.\n\nN\u00e3o perca essa oportunidade de aprender, se inspirar e contribuir para a valoriza\u00e7\u00e3o e preserva\u00e7\u00e3o da floresta amaz\u00f4nica. Junte-se a n\u00f3s e fa\u00e7a parte dessa transforma\u00e7\u00e3o!\n\nGaranta seu lugar agora mesmo e esteja mais pr\u00f3ximo de conquistar R$ 50 mil para transformar sua ideia em neg\u00f3cio!\n\n\ud83d\uddd3 24\/03\/2025\n\u23f0 09h00 \u2013 12h00\n\ud83d\udccd IFAM Campus Manaus Centro \u2013 Av. Sete de Setembro, 1975, Sala 3 da DIREC\n\nOficina pr\u00e1tica de escrita de propostas + dicas de neg\u00f3cios de impacto. Garanta seu ingresso pelo Sympla e venha fazer parte dessa revolu\u00e7\u00e3o!\nINSCREVA-SE:  Sympla - SinapseBio CMC\nhttps:\/\/www.sympla.com.br\/evento\/workshop-sinapse-bio-dicas-para-uma-inscricao-vencedora-ifam-campus-manaus-centro-24-03-2025\/2854824\" aria-hidden=\"true\">\n\t\t<\/a>\n\t<\/div>\n<\/div><div class=\"sbi_item sbi_type_image sbi_new sbi_transition\"\n\tid=\"sbi_18353538310179418\" data-date=\"1742305465\">\n\t<div class=\"sbi_photo_wrap\">\n\t\t<a class=\"sbi_photo\" href=\"https:\/\/www.instagram.com\/p\/DHV8L3DTtUB\/\" target=\"_blank\" rel=\"noopener nofollow\"\n\t\t\tdata-full-res=\"https:\/\/scontent.cdninstagram.com\/v\/t39.30808-6\/485015431_1176768327792022_9187845430722363664_n.jpg?stp=dst-jpg_e35_tt6&#038;_nc_cat=108&#038;ccb=1-7&#038;_nc_sid=18de74&#038;_nc_ohc=YqFP1YSzSKcQ7kNvgGtoMJA&#038;_nc_oc=AdkxQQjorHe1MF4n2RQsFY9oGw0Q2LF20iaKbaAAcwjR_Jst7ZDVVR7FCpzPIjYlpyo&#038;_nc_zt=23&#038;_nc_ht=scontent.cdninstagram.com&#038;edm=ANo9K5cEAAAA&#038;_nc_gid=wqela-vQUdVzCbNVsXO11Q&#038;oh=00_AYGQcOq3r4I5tD3frht_E0vyKHovkFiKeIGObDA6gGgojQ&#038;oe=67E8AD33\"\n\t\t\tdata-img-src-set=\"{&quot;d&quot;:&quot;https:\\\/\\\/scontent.cdninstagram.com\\\/v\\\/t39.30808-6\\\/485015431_1176768327792022_9187845430722363664_n.jpg?stp=dst-jpg_e35_tt6&amp;_nc_cat=108&amp;ccb=1-7&amp;_nc_sid=18de74&amp;_nc_ohc=YqFP1YSzSKcQ7kNvgGtoMJA&amp;_nc_oc=AdkxQQjorHe1MF4n2RQsFY9oGw0Q2LF20iaKbaAAcwjR_Jst7ZDVVR7FCpzPIjYlpyo&amp;_nc_zt=23&amp;_nc_ht=scontent.cdninstagram.com&amp;edm=ANo9K5cEAAAA&amp;_nc_gid=wqela-vQUdVzCbNVsXO11Q&amp;oh=00_AYGQcOq3r4I5tD3frht_E0vyKHovkFiKeIGObDA6gGgojQ&amp;oe=67E8AD33&quot;,&quot;150&quot;:&quot;https:\\\/\\\/scontent.cdninstagram.com\\\/v\\\/t39.30808-6\\\/485015431_1176768327792022_9187845430722363664_n.jpg?stp=dst-jpg_e35_tt6&amp;_nc_cat=108&amp;ccb=1-7&amp;_nc_sid=18de74&amp;_nc_ohc=YqFP1YSzSKcQ7kNvgGtoMJA&amp;_nc_oc=AdkxQQjorHe1MF4n2RQsFY9oGw0Q2LF20iaKbaAAcwjR_Jst7ZDVVR7FCpzPIjYlpyo&amp;_nc_zt=23&amp;_nc_ht=scontent.cdninstagram.com&amp;edm=ANo9K5cEAAAA&amp;_nc_gid=wqela-vQUdVzCbNVsXO11Q&amp;oh=00_AYGQcOq3r4I5tD3frht_E0vyKHovkFiKeIGObDA6gGgojQ&amp;oe=67E8AD33&quot;,&quot;320&quot;:&quot;https:\\\/\\\/scontent.cdninstagram.com\\\/v\\\/t39.30808-6\\\/485015431_1176768327792022_9187845430722363664_n.jpg?stp=dst-jpg_e35_tt6&amp;_nc_cat=108&amp;ccb=1-7&amp;_nc_sid=18de74&amp;_nc_ohc=YqFP1YSzSKcQ7kNvgGtoMJA&amp;_nc_oc=AdkxQQjorHe1MF4n2RQsFY9oGw0Q2LF20iaKbaAAcwjR_Jst7ZDVVR7FCpzPIjYlpyo&amp;_nc_zt=23&amp;_nc_ht=scontent.cdninstagram.com&amp;edm=ANo9K5cEAAAA&amp;_nc_gid=wqela-vQUdVzCbNVsXO11Q&amp;oh=00_AYGQcOq3r4I5tD3frht_E0vyKHovkFiKeIGObDA6gGgojQ&amp;oe=67E8AD33&quot;,&quot;640&quot;:&quot;https:\\\/\\\/scontent.cdninstagram.com\\\/v\\\/t39.30808-6\\\/485015431_1176768327792022_9187845430722363664_n.jpg?stp=dst-jpg_e35_tt6&amp;_nc_cat=108&amp;ccb=1-7&amp;_nc_sid=18de74&amp;_nc_ohc=YqFP1YSzSKcQ7kNvgGtoMJA&amp;_nc_oc=AdkxQQjorHe1MF4n2RQsFY9oGw0Q2LF20iaKbaAAcwjR_Jst7ZDVVR7FCpzPIjYlpyo&amp;_nc_zt=23&amp;_nc_ht=scontent.cdninstagram.com&amp;edm=ANo9K5cEAAAA&amp;_nc_gid=wqela-vQUdVzCbNVsXO11Q&amp;oh=00_AYGQcOq3r4I5tD3frht_E0vyKHovkFiKeIGObDA6gGgojQ&amp;oe=67E8AD33&quot;}\">\n\t\t\t<span class=\"sbi-screenreader\">\ud83c\udf0d\ud83d\udce3 Aten\u00e7\u00e3o, profissionais da \u00e1rea de gest\u00e3o ambien<\/span>\n\t\t\t\t\t\t\t\t\t<img decoding=\"async\" src=\"https:\/\/sistemascmc.ifam.edu.br\/informescmc\/wp-content\/plugins\/instagram-feed\/img\/placeholder.png\" alt=\"\ud83c\udf0d\ud83d\udce3 Aten\u00e7\u00e3o, profissionais da \u00e1rea de gest\u00e3o ambiental! O Instituto Federal de Educa\u00e7\u00e3o, Ci\u00eancia e Tecnologia do Amazonas (IFAM) acaba de abrir as inscri\u00e7\u00f5es para o Processo Seletivo do Curso de P\u00f3s-Gradua\u00e7\u00e3o Lato Sensu em Gest\u00e3o Ambiental! As inscri\u00e7\u00f5es v\u00e3o de 10 a 20 de mar\u00e7o de 2025.\n\nEste curso \u00e9 uma excelente oportunidade para quem deseja se especializar e adquirir conhecimentos cr\u00edticos sobre o gerenciamento de recursos naturais, especialmente na rica e biodiversa regi\u00e3o Amaz\u00f4nica. Com uma carga hor\u00e1ria total de 410 horas, voc\u00ea estar\u00e1 apto a desenvolver solu\u00e7\u00f5es sustent\u00e1veis para os desafios ambientais que enfrentamos atualmente.\n\n\ud83c\udf93 O p\u00fablico-alvo inclui profissionais de diversas \u00e1reas, como administra\u00e7\u00e3o, biologia, engenharia, economia e muito mais, visando formar especialistas capazes de atuar em diagn\u00f3sticos, avalia\u00e7\u00f5es de impacto ambiental, recupera\u00e7\u00e3o de \u00e1reas degradadas e promo\u00e7\u00e3o de pr\u00e1ticas sustent\u00e1veis. \n\n\ud83d\udcdd O processo seletivo \u00e9 simples: basta acessar o sistema de inscri\u00e7\u00e3o online, preencher os dados e apresentar a documenta\u00e7\u00e3o necess\u00e1ria. Lembre-se que as vagas s\u00e3o limitadas, com um total de 30 dispon\u00edveis!\n\n\ud83d\udcc5 Fique atento ao cronograma publicado no edital, e aproveite esta chance de se transformar em um agente de mudan\u00e7a em sua comunidade. Ao final do curso, voc\u00ea ter\u00e1 as habilidades necess\u00e1rias para gerir e proteger um dos ecossistemas mais importantes do planeta.\n\n\ud83d\udc49 N\u00e3o perca tempo! Marque seus amigos que podem se interessar e compartilhe essa informa\u00e7\u00e3o! Para mais detalhes, acesse o edital completo dispon\u00edvel no site do IFAM. Vamos juntos fazer a diferen\u00e7a em prol do meio ambiente! \ud83c\udf31\ud83d\udc9a\n\n#Gest\u00e3oAmbiental #IFAM #Educa\u00e7\u00e3o #Sustentabilidade #Amaz\u00f4nia\" aria-hidden=\"true\">\n\t\t<\/a>\n\t<\/div>\n<\/div><div class=\"sbi_item sbi_type_carousel sbi_new sbi_transition\"\n\tid=\"sbi_18066037660745951\" data-date=\"1742221737\">\n\t<div class=\"sbi_photo_wrap\">\n\t\t<a class=\"sbi_photo\" href=\"https:\/\/www.instagram.com\/p\/DHTcfLCN3H3\/\" target=\"_blank\" rel=\"noopener nofollow\"\n\t\t\tdata-full-res=\"https:\/\/scontent.cdninstagram.com\/v\/t39.30808-6\/484869162_1175865224548999_2251143386978462521_n.jpg?stp=dst-jpg_e35_tt6&#038;_nc_cat=107&#038;ccb=1-7&#038;_nc_sid=18de74&#038;_nc_ohc=QdX0vNiE5UcQ7kNvgHoHYLM&#038;_nc_oc=AdmsdhIXS1nkJhnqZSFdvhkPDDeRgWKSMgmpV9pk9RhVrNUOraJsH1df6OU5ZkvDO78&#038;_nc_zt=23&#038;_nc_ht=scontent.cdninstagram.com&#038;edm=ANo9K5cEAAAA&#038;_nc_gid=wqela-vQUdVzCbNVsXO11Q&#038;oh=00_AYERs0XkcY_pEMXsXTVKdu6zs1YUAk1HIxQTPQmBOFv0Lg&#038;oe=67E8C384\"\n\t\t\tdata-img-src-set=\"{&quot;d&quot;:&quot;https:\\\/\\\/scontent.cdninstagram.com\\\/v\\\/t39.30808-6\\\/484869162_1175865224548999_2251143386978462521_n.jpg?stp=dst-jpg_e35_tt6&amp;_nc_cat=107&amp;ccb=1-7&amp;_nc_sid=18de74&amp;_nc_ohc=QdX0vNiE5UcQ7kNvgHoHYLM&amp;_nc_oc=AdmsdhIXS1nkJhnqZSFdvhkPDDeRgWKSMgmpV9pk9RhVrNUOraJsH1df6OU5ZkvDO78&amp;_nc_zt=23&amp;_nc_ht=scontent.cdninstagram.com&amp;edm=ANo9K5cEAAAA&amp;_nc_gid=wqela-vQUdVzCbNVsXO11Q&amp;oh=00_AYERs0XkcY_pEMXsXTVKdu6zs1YUAk1HIxQTPQmBOFv0Lg&amp;oe=67E8C384&quot;,&quot;150&quot;:&quot;https:\\\/\\\/scontent.cdninstagram.com\\\/v\\\/t39.30808-6\\\/484869162_1175865224548999_2251143386978462521_n.jpg?stp=dst-jpg_e35_tt6&amp;_nc_cat=107&amp;ccb=1-7&amp;_nc_sid=18de74&amp;_nc_ohc=QdX0vNiE5UcQ7kNvgHoHYLM&amp;_nc_oc=AdmsdhIXS1nkJhnqZSFdvhkPDDeRgWKSMgmpV9pk9RhVrNUOraJsH1df6OU5ZkvDO78&amp;_nc_zt=23&amp;_nc_ht=scontent.cdninstagram.com&amp;edm=ANo9K5cEAAAA&amp;_nc_gid=wqela-vQUdVzCbNVsXO11Q&amp;oh=00_AYERs0XkcY_pEMXsXTVKdu6zs1YUAk1HIxQTPQmBOFv0Lg&amp;oe=67E8C384&quot;,&quot;320&quot;:&quot;https:\\\/\\\/scontent.cdninstagram.com\\\/v\\\/t39.30808-6\\\/484869162_1175865224548999_2251143386978462521_n.jpg?stp=dst-jpg_e35_tt6&amp;_nc_cat=107&amp;ccb=1-7&amp;_nc_sid=18de74&amp;_nc_ohc=QdX0vNiE5UcQ7kNvgHoHYLM&amp;_nc_oc=AdmsdhIXS1nkJhnqZSFdvhkPDDeRgWKSMgmpV9pk9RhVrNUOraJsH1df6OU5ZkvDO78&amp;_nc_zt=23&amp;_nc_ht=scontent.cdninstagram.com&amp;edm=ANo9K5cEAAAA&amp;_nc_gid=wqela-vQUdVzCbNVsXO11Q&amp;oh=00_AYERs0XkcY_pEMXsXTVKdu6zs1YUAk1HIxQTPQmBOFv0Lg&amp;oe=67E8C384&quot;,&quot;640&quot;:&quot;https:\\\/\\\/scontent.cdninstagram.com\\\/v\\\/t39.30808-6\\\/484869162_1175865224548999_2251143386978462521_n.jpg?stp=dst-jpg_e35_tt6&amp;_nc_cat=107&amp;ccb=1-7&amp;_nc_sid=18de74&amp;_nc_ohc=QdX0vNiE5UcQ7kNvgHoHYLM&amp;_nc_oc=AdmsdhIXS1nkJhnqZSFdvhkPDDeRgWKSMgmpV9pk9RhVrNUOraJsH1df6OU5ZkvDO78&amp;_nc_zt=23&amp;_nc_ht=scontent.cdninstagram.com&amp;edm=ANo9K5cEAAAA&amp;_nc_gid=wqela-vQUdVzCbNVsXO11Q&amp;oh=00_AYERs0XkcY_pEMXsXTVKdu6zs1YUAk1HIxQTPQmBOFv0Lg&amp;oe=67E8C384&quot;}\">\n\t\t\t<span class=\"sbi-screenreader\">Celebra\u00e7\u00e3o do Bicenten\u00e1rio do Sistema Braille: Um <\/span>\n\t\t\t<svg class=\"svg-inline--fa fa-clone fa-w-16 sbi_lightbox_carousel_icon\" aria-hidden=\"true\" aria-label=\"Clone\" data-fa-pro\u0192cessed=\"\" data-prefix=\"far\" data-icon=\"clone\" role=\"img\" xmlns=\"http:\/\/www.w3.org\/2000\/svg\" viewBox=\"0 0 512 512\">\n                    <path fill=\"currentColor\" d=\"M464 0H144c-26.51 0-48 21.49-48 48v48H48c-26.51 0-48 21.49-48 48v320c0 26.51 21.49 48 48 48h320c26.51 0 48-21.49 48-48v-48h48c26.51 0 48-21.49 48-48V48c0-26.51-21.49-48-48-48zM362 464H54a6 6 0 0 1-6-6V150a6 6 0 0 1 6-6h42v224c0 26.51 21.49 48 48 48h224v42a6 6 0 0 1-6 6zm96-96H150a6 6 0 0 1-6-6V54a6 6 0 0 1 6-6h308a6 6 0 0 1 6 6v308a6 6 0 0 1-6 6z\"><\/path>\n                <\/svg>\t\t\t\t\t\t<img decoding=\"async\" src=\"https:\/\/sistemascmc.ifam.edu.br\/informescmc\/wp-content\/plugins\/instagram-feed\/img\/placeholder.png\" alt=\"Celebra\u00e7\u00e3o do Bicenten\u00e1rio do Sistema Braille: Um Legado de Inclus\u00e3o e Empoderamento\n\nPrezados(as) Senhores(as),\nA Coordena\u00e7\u00e3o de Atendimento \u00e0s Pessoas com Necessidades Espec\u00edficas do IFAM \u2013 CMC tem o prazer de convidar a comunidade acad\u00eamica e a sociedade em geral para a Celebra\u00e7\u00e3o do Bicenten\u00e1rio do Sistema Braille, um evento de grande relev\u00e2ncia que visa homenagear e difundir o legado transformador dessa ferramenta de inclus\u00e3o.\nO Sistema Braille, ao longo de dois s\u00e9culos, tem sido fundamental para a educa\u00e7\u00e3o e o desenvolvimento de pessoas com defici\u00eancia visual, proporcionando-lhes acesso \u00e0 leitura, \u00e0 escrita e ao conhecimento. Apesar de sua import\u00e2ncia inestim\u00e1vel, o Braille ainda \u00e9 pouco conhecido e valorizado por muitos. Por isso, este evento surge como uma oportunidade para celebrar sua hist\u00f3ria, reafirmar seu papel como instrumento de empoderamento e promover seu ensino para as futuras gera\u00e7\u00f5es.\n\nObjetivo Geral: Promover a inclus\u00e3o de alunos com defici\u00eancia visual atrav\u00e9s da celebra\u00e7\u00e3o e divulga\u00e7\u00e3o do legado de 200 anos do Sistema Braille, sensibilizar servidores e alunos do IFAM CMC, e a comunidade sobre a import\u00e2ncia da acessibilidade na leitura e escrita em Braille.\nInforma\u00e7\u00f5es do Evento:\n Data: 08 de abril de 2025\n  Hor\u00e1rio: 08h00 \u00e0s 17h00\n  Local: Mini Audit\u00f3rio 3 da Direc, IFAM CMC, Av. 7 de Setembro, 1975, Centro.\n\nAtividades: Para tornar este dia ainda mais especial, preparamos uma programa\u00e7\u00e3o diversificada e enriquecedora, que inclui:\nPROGRAMA\u00c7\u00c3O\nDATA LOCAL HOR\u00c1RIO ATIVIDADE ENVOLVIDOS\n7h30 \u00e0s 8h Credenciamento\nIFAM\/CMC\nMini-03\n08\/04\/24 8h \u00e0s 8h30 Abertura Composi\u00e7\u00e3o da mesa e abertura do evento\n9h \u00e0s 11h30 Oficina: Inclus\u00e3o Digital na Pr\u00e1tica: Como Tornar Seus Documentos Acess\u00edveis.\n11h30 \u00e0s 12h30 Apresenta\u00e7\u00e3o Cultural - Associa\u00e7\u00e3o Pestalozzi de Manaus: Com a participa\u00e7\u00e3o de alunos com e sem defici\u00eancia visual.\n13h \u00e0s 14h Exibi\u00e7\u00e3o document\u00e1rios sobre a casa onde Louis Braille nasceu, narrado com audiodescri\u00e7\u00e3o e o v\u00eddeo a Hist\u00f3ria de Louis Braille em anima\u00e7\u00e3o para os deficientes visuais.\n15h \u00e0s 16h30 Mesa redonda: Os desafios da Inclus\u00e3o de Pessoas com Defici\u00eancia Visual no Ensino T\u00e9cnico e Superior.\n16h30 \u00e0s 17h Perguntas e intera\u00e7\u00e3o\" aria-hidden=\"true\">\n\t\t<\/a>\n\t<\/div>\n<\/div><div class=\"sbi_item sbi_type_carousel sbi_new sbi_transition\"\n\tid=\"sbi_17960588372903874\" data-date=\"1741893676\">\n\t<div class=\"sbi_photo_wrap\">\n\t\t<a class=\"sbi_photo\" href=\"https:\/\/www.instagram.com\/p\/DHJqwq6OhAD\/\" target=\"_blank\" rel=\"noopener nofollow\"\n\t\t\tdata-full-res=\"https:\/\/scontent.cdninstagram.com\/v\/t39.30808-6\/484229429_1172539868214868_1033106576605305788_n.jpg?stp=dst-jpg_e35_tt6&#038;_nc_cat=103&#038;ccb=1-7&#038;_nc_sid=18de74&#038;_nc_ohc=MgXob-wgtfUQ7kNvgHenrzp&#038;_nc_oc=AdmNzGSvKaPcubZ25YOOMIOQxV0xWYauArksvySwZ49iMBuuNe783r7zz3RxEKJ-RP0&#038;_nc_zt=23&#038;_nc_ht=scontent.cdninstagram.com&#038;edm=ANo9K5cEAAAA&#038;_nc_gid=wqela-vQUdVzCbNVsXO11Q&#038;oh=00_AYG1gAHs0Yx-hDOYOW30CJD2LrboxTuBXfg7yjqf5feReQ&#038;oe=67E8A9D1\"\n\t\t\tdata-img-src-set=\"{&quot;d&quot;:&quot;https:\\\/\\\/scontent.cdninstagram.com\\\/v\\\/t39.30808-6\\\/484229429_1172539868214868_1033106576605305788_n.jpg?stp=dst-jpg_e35_tt6&amp;_nc_cat=103&amp;ccb=1-7&amp;_nc_sid=18de74&amp;_nc_ohc=MgXob-wgtfUQ7kNvgHenrzp&amp;_nc_oc=AdmNzGSvKaPcubZ25YOOMIOQxV0xWYauArksvySwZ49iMBuuNe783r7zz3RxEKJ-RP0&amp;_nc_zt=23&amp;_nc_ht=scontent.cdninstagram.com&amp;edm=ANo9K5cEAAAA&amp;_nc_gid=wqela-vQUdVzCbNVsXO11Q&amp;oh=00_AYG1gAHs0Yx-hDOYOW30CJD2LrboxTuBXfg7yjqf5feReQ&amp;oe=67E8A9D1&quot;,&quot;150&quot;:&quot;https:\\\/\\\/scontent.cdninstagram.com\\\/v\\\/t39.30808-6\\\/484229429_1172539868214868_1033106576605305788_n.jpg?stp=dst-jpg_e35_tt6&amp;_nc_cat=103&amp;ccb=1-7&amp;_nc_sid=18de74&amp;_nc_ohc=MgXob-wgtfUQ7kNvgHenrzp&amp;_nc_oc=AdmNzGSvKaPcubZ25YOOMIOQxV0xWYauArksvySwZ49iMBuuNe783r7zz3RxEKJ-RP0&amp;_nc_zt=23&amp;_nc_ht=scontent.cdninstagram.com&amp;edm=ANo9K5cEAAAA&amp;_nc_gid=wqela-vQUdVzCbNVsXO11Q&amp;oh=00_AYG1gAHs0Yx-hDOYOW30CJD2LrboxTuBXfg7yjqf5feReQ&amp;oe=67E8A9D1&quot;,&quot;320&quot;:&quot;https:\\\/\\\/scontent.cdninstagram.com\\\/v\\\/t39.30808-6\\\/484229429_1172539868214868_1033106576605305788_n.jpg?stp=dst-jpg_e35_tt6&amp;_nc_cat=103&amp;ccb=1-7&amp;_nc_sid=18de74&amp;_nc_ohc=MgXob-wgtfUQ7kNvgHenrzp&amp;_nc_oc=AdmNzGSvKaPcubZ25YOOMIOQxV0xWYauArksvySwZ49iMBuuNe783r7zz3RxEKJ-RP0&amp;_nc_zt=23&amp;_nc_ht=scontent.cdninstagram.com&amp;edm=ANo9K5cEAAAA&amp;_nc_gid=wqela-vQUdVzCbNVsXO11Q&amp;oh=00_AYG1gAHs0Yx-hDOYOW30CJD2LrboxTuBXfg7yjqf5feReQ&amp;oe=67E8A9D1&quot;,&quot;640&quot;:&quot;https:\\\/\\\/scontent.cdninstagram.com\\\/v\\\/t39.30808-6\\\/484229429_1172539868214868_1033106576605305788_n.jpg?stp=dst-jpg_e35_tt6&amp;_nc_cat=103&amp;ccb=1-7&amp;_nc_sid=18de74&amp;_nc_ohc=MgXob-wgtfUQ7kNvgHenrzp&amp;_nc_oc=AdmNzGSvKaPcubZ25YOOMIOQxV0xWYauArksvySwZ49iMBuuNe783r7zz3RxEKJ-RP0&amp;_nc_zt=23&amp;_nc_ht=scontent.cdninstagram.com&amp;edm=ANo9K5cEAAAA&amp;_nc_gid=wqela-vQUdVzCbNVsXO11Q&amp;oh=00_AYG1gAHs0Yx-hDOYOW30CJD2LrboxTuBXfg7yjqf5feReQ&amp;oe=67E8A9D1&quot;}\">\n\t\t\t<span class=\"sbi-screenreader\">\ud83d\udd2c\u2728 Ci\u00eancia e inova\u00e7\u00e3o no IFAM CMC! \u2728\ud83d\udd2c\n\nNo laborat\u00f3<\/span>\n\t\t\t<svg class=\"svg-inline--fa fa-clone fa-w-16 sbi_lightbox_carousel_icon\" aria-hidden=\"true\" aria-label=\"Clone\" data-fa-pro\u0192cessed=\"\" data-prefix=\"far\" data-icon=\"clone\" role=\"img\" xmlns=\"http:\/\/www.w3.org\/2000\/svg\" viewBox=\"0 0 512 512\">\n                    <path fill=\"currentColor\" d=\"M464 0H144c-26.51 0-48 21.49-48 48v48H48c-26.51 0-48 21.49-48 48v320c0 26.51 21.49 48 48 48h320c26.51 0 48-21.49 48-48v-48h48c26.51 0 48-21.49 48-48V48c0-26.51-21.49-48-48-48zM362 464H54a6 6 0 0 1-6-6V150a6 6 0 0 1 6-6h42v224c0 26.51 21.49 48 48 48h224v42a6 6 0 0 1-6 6zm96-96H150a6 6 0 0 1-6-6V54a6 6 0 0 1 6-6h308a6 6 0 0 1 6 6v308a6 6 0 0 1-6 6z\"><\/path>\n                <\/svg>\t\t\t\t\t\t<img decoding=\"async\" src=\"https:\/\/sistemascmc.ifam.edu.br\/informescmc\/wp-content\/plugins\/instagram-feed\/img\/placeholder.png\" alt=\"\ud83d\udd2c\u2728 Ci\u00eancia e inova\u00e7\u00e3o no IFAM CMC! \u2728\ud83d\udd2c\n\nNo laborat\u00f3rio de Processos Qu\u00edmicos do IFAM CMC, a egressa Bianca Vit\u00f3ria d\u00e1 continuidade \u00e0 sua jornada cient\u00edfica, transformando res\u00edduos amaz\u00f4nicos em conhecimento e inova\u00e7\u00e3o. \ud83c\udf31\ud83d\udca1\n\nNo Grupo de Pesquisa de Recursos Energ\u00e9ticos e Nanomateriais (GREEN), sob a orienta\u00e7\u00e3o do professor Francisco Xavier Nobre, Bianca e sua equipe exploram formas de valorizar materiais descartados, como cascas de tucum\u00e3 e res\u00edduos de ossos, ampliando suas possibilidades de reaproveitamento.\n\nUtilizando equipamentos como a incubadora shake, que permite analisar rea\u00e7\u00f5es qu\u00edmicas ao longo do tempo, e o espectrofot\u00f4metro UV-Vis\u00edveis, que investiga a concentra\u00e7\u00e3o das subst\u00e2ncias, a pesquisa avan\u00e7a na busca por solu\u00e7\u00f5es sustent\u00e1veis e tecnol\u00f3gicas.\n\nO IFAM CMC \u00e9 um espa\u00e7o onde a ci\u00eancia acontece todos os dias, estimulando novos pesquisadores a transformar desafios ambientais em oportunidades. \ud83d\ude80\ud83d\udd0d\n\n#IFAMCMC #Ci\u00eanciaQueTransforma #PesquisaCient\u00edfica #Sustentabilidade\" aria-hidden=\"true\">\n\t\t<\/a>\n\t<\/div>\n<\/div><div class=\"sbi_item sbi_type_image sbi_new sbi_transition\"\n\tid=\"sbi_18041590091437162\" data-date=\"1741802922\">\n\t<div class=\"sbi_photo_wrap\">\n\t\t<a class=\"sbi_photo\" href=\"https:\/\/www.instagram.com\/p\/DHG9qTfNzjr\/\" target=\"_blank\" rel=\"noopener nofollow\"\n\t\t\tdata-full-res=\"https:\/\/scontent.cdninstagram.com\/v\/t39.30808-6\/484051479_1171568374978684_7432357410990756504_n.jpg?stp=dst-jpg_e35_tt6&#038;_nc_cat=111&#038;ccb=1-7&#038;_nc_sid=18de74&#038;_nc_ohc=CUUMVwu3jfsQ7kNvgFDqarx&#038;_nc_oc=AdkHEhDGeH7XQWXyMJU0ymP4-jDgcldlnI32DdyiT_jBR94uyZBFMy0V6jzjahyPh8U&#038;_nc_zt=23&#038;_nc_ht=scontent.cdninstagram.com&#038;edm=ANo9K5cEAAAA&#038;_nc_gid=wqela-vQUdVzCbNVsXO11Q&#038;oh=00_AYHnizphqbrCRsN2uZYctSqF3xcAn5wnbB6G03pOf8yDsw&#038;oe=67E8B401\"\n\t\t\tdata-img-src-set=\"{&quot;d&quot;:&quot;https:\\\/\\\/scontent.cdninstagram.com\\\/v\\\/t39.30808-6\\\/484051479_1171568374978684_7432357410990756504_n.jpg?stp=dst-jpg_e35_tt6&amp;_nc_cat=111&amp;ccb=1-7&amp;_nc_sid=18de74&amp;_nc_ohc=CUUMVwu3jfsQ7kNvgFDqarx&amp;_nc_oc=AdkHEhDGeH7XQWXyMJU0ymP4-jDgcldlnI32DdyiT_jBR94uyZBFMy0V6jzjahyPh8U&amp;_nc_zt=23&amp;_nc_ht=scontent.cdninstagram.com&amp;edm=ANo9K5cEAAAA&amp;_nc_gid=wqela-vQUdVzCbNVsXO11Q&amp;oh=00_AYHnizphqbrCRsN2uZYctSqF3xcAn5wnbB6G03pOf8yDsw&amp;oe=67E8B401&quot;,&quot;150&quot;:&quot;https:\\\/\\\/scontent.cdninstagram.com\\\/v\\\/t39.30808-6\\\/484051479_1171568374978684_7432357410990756504_n.jpg?stp=dst-jpg_e35_tt6&amp;_nc_cat=111&amp;ccb=1-7&amp;_nc_sid=18de74&amp;_nc_ohc=CUUMVwu3jfsQ7kNvgFDqarx&amp;_nc_oc=AdkHEhDGeH7XQWXyMJU0ymP4-jDgcldlnI32DdyiT_jBR94uyZBFMy0V6jzjahyPh8U&amp;_nc_zt=23&amp;_nc_ht=scontent.cdninstagram.com&amp;edm=ANo9K5cEAAAA&amp;_nc_gid=wqela-vQUdVzCbNVsXO11Q&amp;oh=00_AYHnizphqbrCRsN2uZYctSqF3xcAn5wnbB6G03pOf8yDsw&amp;oe=67E8B401&quot;,&quot;320&quot;:&quot;https:\\\/\\\/scontent.cdninstagram.com\\\/v\\\/t39.30808-6\\\/484051479_1171568374978684_7432357410990756504_n.jpg?stp=dst-jpg_e35_tt6&amp;_nc_cat=111&amp;ccb=1-7&amp;_nc_sid=18de74&amp;_nc_ohc=CUUMVwu3jfsQ7kNvgFDqarx&amp;_nc_oc=AdkHEhDGeH7XQWXyMJU0ymP4-jDgcldlnI32DdyiT_jBR94uyZBFMy0V6jzjahyPh8U&amp;_nc_zt=23&amp;_nc_ht=scontent.cdninstagram.com&amp;edm=ANo9K5cEAAAA&amp;_nc_gid=wqela-vQUdVzCbNVsXO11Q&amp;oh=00_AYHnizphqbrCRsN2uZYctSqF3xcAn5wnbB6G03pOf8yDsw&amp;oe=67E8B401&quot;,&quot;640&quot;:&quot;https:\\\/\\\/scontent.cdninstagram.com\\\/v\\\/t39.30808-6\\\/484051479_1171568374978684_7432357410990756504_n.jpg?stp=dst-jpg_e35_tt6&amp;_nc_cat=111&amp;ccb=1-7&amp;_nc_sid=18de74&amp;_nc_ohc=CUUMVwu3jfsQ7kNvgFDqarx&amp;_nc_oc=AdkHEhDGeH7XQWXyMJU0ymP4-jDgcldlnI32DdyiT_jBR94uyZBFMy0V6jzjahyPh8U&amp;_nc_zt=23&amp;_nc_ht=scontent.cdninstagram.com&amp;edm=ANo9K5cEAAAA&amp;_nc_gid=wqela-vQUdVzCbNVsXO11Q&amp;oh=00_AYHnizphqbrCRsN2uZYctSqF3xcAn5wnbB6G03pOf8yDsw&amp;oe=67E8B401&quot;}\">\n\t\t\t<span class=\"sbi-screenreader\">O programa oferece suporte online gratuito a estud<\/span>\n\t\t\t\t\t\t\t\t\t<img decoding=\"async\" src=\"https:\/\/sistemascmc.ifam.edu.br\/informescmc\/wp-content\/plugins\/instagram-feed\/img\/placeholder.png\" alt=\"O programa oferece suporte online gratuito a estudantes da rede p\u00fablica, incluindo:\n\u2705 Acervo de provas anteriores de vestibulares\n\u2705 Videoaulas e listas de exerc\u00edcios\n\u2705 Corre\u00e7\u00e3o de reda\u00e7\u00e3o\n\u2705 Monitorias e tutorias\n\u2705 Simulados\n\nAs inscri\u00e7\u00f5es est\u00e3o abertas at\u00e9 o dia 20 de mar\u00e7o, e podem se inscrever estudantes a partir do primeiro ano do ensino m\u00e9dio da rede p\u00fablica ou aqueles que conclu\u00edram integralmente o ensino m\u00e9dio em escola p\u00fablica.\n\n\ud83d\udd17 Link para inscri\u00e7\u00e3o:\nFormul\u00e1rio de Inscri\u00e7\u00e3o\n\n\ud83d\udd17 Mais informa\u00e7\u00f5es:\nwww.programasalvaguarda.com.br\" aria-hidden=\"true\">\n\t\t<\/a>\n\t<\/div>\n<\/div><div class=\"sbi_item sbi_type_image sbi_new sbi_transition\"\n\tid=\"sbi_18082550287721008\" data-date=\"1741801898\">\n\t<div class=\"sbi_photo_wrap\">\n\t\t<a class=\"sbi_photo\" href=\"https:\/\/www.instagram.com\/p\/DHG7tR9OZce\/\" target=\"_blank\" rel=\"noopener nofollow\"\n\t\t\tdata-full-res=\"https:\/\/scontent.cdninstagram.com\/v\/t51.29350-15\/483883541_1657864661521738_432351270046970635_n.heic?stp=dst-jpg_e35_tt6&#038;_nc_cat=110&#038;ccb=1-7&#038;_nc_sid=18de74&#038;_nc_ohc=OK6EO5j0I6sQ7kNvgGwk7wK&#038;_nc_oc=Adnp19W_54JwT-5Xmpct-KUO_fPzl3f63yJIwvgPGgYTAUvKL8CGNcijU41TQwYy2WA&#038;_nc_zt=23&#038;_nc_ht=scontent.cdninstagram.com&#038;edm=ANo9K5cEAAAA&#038;_nc_gid=wqela-vQUdVzCbNVsXO11Q&#038;oh=00_AYEB9fI8inEiU2Zxi8O3F2EjQcaqh0EiCNAZut4NqUhCnw&#038;oe=67E8C294\"\n\t\t\tdata-img-src-set=\"{&quot;d&quot;:&quot;https:\\\/\\\/scontent.cdninstagram.com\\\/v\\\/t51.29350-15\\\/483883541_1657864661521738_432351270046970635_n.heic?stp=dst-jpg_e35_tt6&amp;_nc_cat=110&amp;ccb=1-7&amp;_nc_sid=18de74&amp;_nc_ohc=OK6EO5j0I6sQ7kNvgGwk7wK&amp;_nc_oc=Adnp19W_54JwT-5Xmpct-KUO_fPzl3f63yJIwvgPGgYTAUvKL8CGNcijU41TQwYy2WA&amp;_nc_zt=23&amp;_nc_ht=scontent.cdninstagram.com&amp;edm=ANo9K5cEAAAA&amp;_nc_gid=wqela-vQUdVzCbNVsXO11Q&amp;oh=00_AYEB9fI8inEiU2Zxi8O3F2EjQcaqh0EiCNAZut4NqUhCnw&amp;oe=67E8C294&quot;,&quot;150&quot;:&quot;https:\\\/\\\/scontent.cdninstagram.com\\\/v\\\/t51.29350-15\\\/483883541_1657864661521738_432351270046970635_n.heic?stp=dst-jpg_e35_tt6&amp;_nc_cat=110&amp;ccb=1-7&amp;_nc_sid=18de74&amp;_nc_ohc=OK6EO5j0I6sQ7kNvgGwk7wK&amp;_nc_oc=Adnp19W_54JwT-5Xmpct-KUO_fPzl3f63yJIwvgPGgYTAUvKL8CGNcijU41TQwYy2WA&amp;_nc_zt=23&amp;_nc_ht=scontent.cdninstagram.com&amp;edm=ANo9K5cEAAAA&amp;_nc_gid=wqela-vQUdVzCbNVsXO11Q&amp;oh=00_AYEB9fI8inEiU2Zxi8O3F2EjQcaqh0EiCNAZut4NqUhCnw&amp;oe=67E8C294&quot;,&quot;320&quot;:&quot;https:\\\/\\\/scontent.cdninstagram.com\\\/v\\\/t51.29350-15\\\/483883541_1657864661521738_432351270046970635_n.heic?stp=dst-jpg_e35_tt6&amp;_nc_cat=110&amp;ccb=1-7&amp;_nc_sid=18de74&amp;_nc_ohc=OK6EO5j0I6sQ7kNvgGwk7wK&amp;_nc_oc=Adnp19W_54JwT-5Xmpct-KUO_fPzl3f63yJIwvgPGgYTAUvKL8CGNcijU41TQwYy2WA&amp;_nc_zt=23&amp;_nc_ht=scontent.cdninstagram.com&amp;edm=ANo9K5cEAAAA&amp;_nc_gid=wqela-vQUdVzCbNVsXO11Q&amp;oh=00_AYEB9fI8inEiU2Zxi8O3F2EjQcaqh0EiCNAZut4NqUhCnw&amp;oe=67E8C294&quot;,&quot;640&quot;:&quot;https:\\\/\\\/scontent.cdninstagram.com\\\/v\\\/t51.29350-15\\\/483883541_1657864661521738_432351270046970635_n.heic?stp=dst-jpg_e35_tt6&amp;_nc_cat=110&amp;ccb=1-7&amp;_nc_sid=18de74&amp;_nc_ohc=OK6EO5j0I6sQ7kNvgGwk7wK&amp;_nc_oc=Adnp19W_54JwT-5Xmpct-KUO_fPzl3f63yJIwvgPGgYTAUvKL8CGNcijU41TQwYy2WA&amp;_nc_zt=23&amp;_nc_ht=scontent.cdninstagram.com&amp;edm=ANo9K5cEAAAA&amp;_nc_gid=wqela-vQUdVzCbNVsXO11Q&amp;oh=00_AYEB9fI8inEiU2Zxi8O3F2EjQcaqh0EiCNAZut4NqUhCnw&amp;oe=67E8C294&quot;}\">\n\t\t\t<span class=\"sbi-screenreader\">No dia 12 de mar\u00e7o, celebra-se o Dia do Bibliotec\u00e1<\/span>\n\t\t\t\t\t\t\t\t\t<img decoding=\"async\" src=\"https:\/\/sistemascmc.ifam.edu.br\/informescmc\/wp-content\/plugins\/instagram-feed\/img\/placeholder.png\" alt=\"No dia 12 de mar\u00e7o, celebra-se o Dia do Bibliotec\u00e1rio, uma data que convida \u00e0 reflex\u00e3o sobre a import\u00e2ncia dessa profiss\u00e3o e os desafios enfrentados na atualidade. \n\nEm um mundo cada vez mais digital e conectado, o papel do bibliotec\u00e1rio se reinventa e se expande. Deixa de ser apenas um guardi\u00e3o de livros para se tornar um mediador da informa\u00e7\u00e3o, um navegador do conhecimento e um facilitador do acesso \u00e0 cultura. \n\nAtualmente, esse profissional \u00e9 um especialista em gest\u00e3o da informa\u00e7\u00e3o, curador de conte\u00fado digital, desenvolvedor de tecnologias de informa\u00e7\u00e3o e promotor da leitura e da escrita. Sua atua\u00e7\u00e3o ocorre em bibliotecas p\u00fablicas, escolares, universit\u00e1rias, especializadas, al\u00e9m de centros de documenta\u00e7\u00e3o, arquivos, museus, empresas e organiza\u00e7\u00f5es n\u00e3o governamentais.\n\n Diante da avalanche de informa\u00e7\u00f5es na era digital, o bibliotec\u00e1rio se destaca como um profissional essencial na busca por conhecimento confi\u00e1vel e relevante. \u00c9 um guia que auxilia na sele\u00e7\u00e3o, organiza\u00e7\u00e3o e dissemina\u00e7\u00e3o da informa\u00e7\u00e3o, combatendo a desinforma\u00e7\u00e3o e promovendo o pensamento cr\u00edtico. \n\nNeste Dia do Bibliotec\u00e1rio, celebra-se a paix\u00e3o pela informa\u00e7\u00e3o, o compromisso com a educa\u00e7\u00e3o e a dedica\u00e7\u00e3o em construir um futuro mais justo e democr\u00e1tico, onde o conhecimento seja acess\u00edvel a todos. Parab\u00e9ns a todos os bibliotec\u00e1rios!\" aria-hidden=\"true\">\n\t\t<\/a>\n\t<\/div>\n<\/div><div class=\"sbi_item sbi_type_image sbi_new sbi_transition\"\n\tid=\"sbi_18048698153259900\" data-date=\"1741717882\">\n\t<div class=\"sbi_photo_wrap\">\n\t\t<a class=\"sbi_photo\" href=\"https:\/\/www.instagram.com\/p\/DHEbdX2yYI6\/\" target=\"_blank\" rel=\"noopener nofollow\"\n\t\t\tdata-full-res=\"https:\/\/scontent.cdninstagram.com\/v\/t39.30808-6\/484044377_1170763088392546_488200841116239920_n.jpg?stp=dst-jpg_e35_tt6&#038;_nc_cat=111&#038;ccb=1-7&#038;_nc_sid=18de74&#038;_nc_ohc=Ae33FAkuR2wQ7kNvgGw8zn4&#038;_nc_oc=AdkxfMjHUDt_enG3b_BIVzsCwpi8Dt-IPbYtKIqVlJFvgHMEV-K0TFpVltYxnOeFPbA&#038;_nc_zt=23&#038;_nc_ht=scontent.cdninstagram.com&#038;edm=ANo9K5cEAAAA&#038;_nc_gid=wqela-vQUdVzCbNVsXO11Q&#038;oh=00_AYHEMWWsX7ARC0aBw5YwhzAAcyWJnve_ccjhhSf08fiqxA&#038;oe=67E89BF2\"\n\t\t\tdata-img-src-set=\"{&quot;d&quot;:&quot;https:\\\/\\\/scontent.cdninstagram.com\\\/v\\\/t39.30808-6\\\/484044377_1170763088392546_488200841116239920_n.jpg?stp=dst-jpg_e35_tt6&amp;_nc_cat=111&amp;ccb=1-7&amp;_nc_sid=18de74&amp;_nc_ohc=Ae33FAkuR2wQ7kNvgGw8zn4&amp;_nc_oc=AdkxfMjHUDt_enG3b_BIVzsCwpi8Dt-IPbYtKIqVlJFvgHMEV-K0TFpVltYxnOeFPbA&amp;_nc_zt=23&amp;_nc_ht=scontent.cdninstagram.com&amp;edm=ANo9K5cEAAAA&amp;_nc_gid=wqela-vQUdVzCbNVsXO11Q&amp;oh=00_AYHEMWWsX7ARC0aBw5YwhzAAcyWJnve_ccjhhSf08fiqxA&amp;oe=67E89BF2&quot;,&quot;150&quot;:&quot;https:\\\/\\\/scontent.cdninstagram.com\\\/v\\\/t39.30808-6\\\/484044377_1170763088392546_488200841116239920_n.jpg?stp=dst-jpg_e35_tt6&amp;_nc_cat=111&amp;ccb=1-7&amp;_nc_sid=18de74&amp;_nc_ohc=Ae33FAkuR2wQ7kNvgGw8zn4&amp;_nc_oc=AdkxfMjHUDt_enG3b_BIVzsCwpi8Dt-IPbYtKIqVlJFvgHMEV-K0TFpVltYxnOeFPbA&amp;_nc_zt=23&amp;_nc_ht=scontent.cdninstagram.com&amp;edm=ANo9K5cEAAAA&amp;_nc_gid=wqela-vQUdVzCbNVsXO11Q&amp;oh=00_AYHEMWWsX7ARC0aBw5YwhzAAcyWJnve_ccjhhSf08fiqxA&amp;oe=67E89BF2&quot;,&quot;320&quot;:&quot;https:\\\/\\\/scontent.cdninstagram.com\\\/v\\\/t39.30808-6\\\/484044377_1170763088392546_488200841116239920_n.jpg?stp=dst-jpg_e35_tt6&amp;_nc_cat=111&amp;ccb=1-7&amp;_nc_sid=18de74&amp;_nc_ohc=Ae33FAkuR2wQ7kNvgGw8zn4&amp;_nc_oc=AdkxfMjHUDt_enG3b_BIVzsCwpi8Dt-IPbYtKIqVlJFvgHMEV-K0TFpVltYxnOeFPbA&amp;_nc_zt=23&amp;_nc_ht=scontent.cdninstagram.com&amp;edm=ANo9K5cEAAAA&amp;_nc_gid=wqela-vQUdVzCbNVsXO11Q&amp;oh=00_AYHEMWWsX7ARC0aBw5YwhzAAcyWJnve_ccjhhSf08fiqxA&amp;oe=67E89BF2&quot;,&quot;640&quot;:&quot;https:\\\/\\\/scontent.cdninstagram.com\\\/v\\\/t39.30808-6\\\/484044377_1170763088392546_488200841116239920_n.jpg?stp=dst-jpg_e35_tt6&amp;_nc_cat=111&amp;ccb=1-7&amp;_nc_sid=18de74&amp;_nc_ohc=Ae33FAkuR2wQ7kNvgGw8zn4&amp;_nc_oc=AdkxfMjHUDt_enG3b_BIVzsCwpi8Dt-IPbYtKIqVlJFvgHMEV-K0TFpVltYxnOeFPbA&amp;_nc_zt=23&amp;_nc_ht=scontent.cdninstagram.com&amp;edm=ANo9K5cEAAAA&amp;_nc_gid=wqela-vQUdVzCbNVsXO11Q&amp;oh=00_AYHEMWWsX7ARC0aBw5YwhzAAcyWJnve_ccjhhSf08fiqxA&amp;oe=67E89BF2&quot;}\">\n\t\t\t<span class=\"sbi-screenreader\">\ud83d\udcda\u2728 Sejam bem-vindos ao IFAM CMC! \u2728\ud83d\udcda\n\nHoje damos in<\/span>\n\t\t\t\t\t\t\t\t\t<img decoding=\"async\" src=\"https:\/\/sistemascmc.ifam.edu.br\/informescmc\/wp-content\/plugins\/instagram-feed\/img\/placeholder.png\" alt=\"\ud83d\udcda\u2728 Sejam bem-vindos ao IFAM CMC! \u2728\ud83d\udcda\n\nHoje damos in\u00edcio a uma nova jornada de aprendizado para os alunos do ensino m\u00e9dio integrado! \ud83c\udf93\ud83d\udc9a O IFAM CMC recebe cada um de voc\u00eas com entusiasmo, preparando um caminho repleto de descobertas, desafios e conquistas.\n\nQue este seja o come\u00e7o de uma trajet\u00f3ria incr\u00edvel, onde o conhecimento abre portas e transforma vidas. \ud83d\ude80\ud83d\udca1\n\nVamos juntos fazer deste ano um cap\u00edtulo inesquec\u00edvel! \ud83d\udd25\n\n#Volta\u00c0sAulas #IFAMCMC #NovaJornada #Educa\u00e7\u00e3oQueTransforma\" aria-hidden=\"true\">\n\t\t<\/a>\n\t<\/div>\n<\/div><div class=\"sbi_item sbi_type_image sbi_new sbi_transition\"\n\tid=\"sbi_18300728095233001\" data-date=\"1741707119\">\n\t<div class=\"sbi_photo_wrap\">\n\t\t<a class=\"sbi_photo\" href=\"https:\/\/www.instagram.com\/p\/DHEG7iINP9D\/\" target=\"_blank\" rel=\"noopener nofollow\"\n\t\t\tdata-full-res=\"https:\/\/scontent.cdninstagram.com\/v\/t39.30808-6\/482358460_1170644731737715_2442525376441762038_n.jpg?stp=dst-jpg_e35_tt6&#038;_nc_cat=107&#038;ccb=1-7&#038;_nc_sid=18de74&#038;_nc_ohc=Nl0BUrDXfxEQ7kNvgGe9bun&#038;_nc_oc=AdnRR-yq-7vCrD2jSjewnd4cXDDSKOjkD9CbOyjnMDoq8ON9fjIj90RtHnhQK-xTrSM&#038;_nc_zt=23&#038;_nc_ht=scontent.cdninstagram.com&#038;edm=ANo9K5cEAAAA&#038;_nc_gid=wqela-vQUdVzCbNVsXO11Q&#038;oh=00_AYF8CgMxo-DWGefshQn-N2SJ6b-nrcy9mh_Yb6THkKjrow&#038;oe=67E8BDEE\"\n\t\t\tdata-img-src-set=\"{&quot;d&quot;:&quot;https:\\\/\\\/scontent.cdninstagram.com\\\/v\\\/t39.30808-6\\\/482358460_1170644731737715_2442525376441762038_n.jpg?stp=dst-jpg_e35_tt6&amp;_nc_cat=107&amp;ccb=1-7&amp;_nc_sid=18de74&amp;_nc_ohc=Nl0BUrDXfxEQ7kNvgGe9bun&amp;_nc_oc=AdnRR-yq-7vCrD2jSjewnd4cXDDSKOjkD9CbOyjnMDoq8ON9fjIj90RtHnhQK-xTrSM&amp;_nc_zt=23&amp;_nc_ht=scontent.cdninstagram.com&amp;edm=ANo9K5cEAAAA&amp;_nc_gid=wqela-vQUdVzCbNVsXO11Q&amp;oh=00_AYF8CgMxo-DWGefshQn-N2SJ6b-nrcy9mh_Yb6THkKjrow&amp;oe=67E8BDEE&quot;,&quot;150&quot;:&quot;https:\\\/\\\/scontent.cdninstagram.com\\\/v\\\/t39.30808-6\\\/482358460_1170644731737715_2442525376441762038_n.jpg?stp=dst-jpg_e35_tt6&amp;_nc_cat=107&amp;ccb=1-7&amp;_nc_sid=18de74&amp;_nc_ohc=Nl0BUrDXfxEQ7kNvgGe9bun&amp;_nc_oc=AdnRR-yq-7vCrD2jSjewnd4cXDDSKOjkD9CbOyjnMDoq8ON9fjIj90RtHnhQK-xTrSM&amp;_nc_zt=23&amp;_nc_ht=scontent.cdninstagram.com&amp;edm=ANo9K5cEAAAA&amp;_nc_gid=wqela-vQUdVzCbNVsXO11Q&amp;oh=00_AYF8CgMxo-DWGefshQn-N2SJ6b-nrcy9mh_Yb6THkKjrow&amp;oe=67E8BDEE&quot;,&quot;320&quot;:&quot;https:\\\/\\\/scontent.cdninstagram.com\\\/v\\\/t39.30808-6\\\/482358460_1170644731737715_2442525376441762038_n.jpg?stp=dst-jpg_e35_tt6&amp;_nc_cat=107&amp;ccb=1-7&amp;_nc_sid=18de74&amp;_nc_ohc=Nl0BUrDXfxEQ7kNvgGe9bun&amp;_nc_oc=AdnRR-yq-7vCrD2jSjewnd4cXDDSKOjkD9CbOyjnMDoq8ON9fjIj90RtHnhQK-xTrSM&amp;_nc_zt=23&amp;_nc_ht=scontent.cdninstagram.com&amp;edm=ANo9K5cEAAAA&amp;_nc_gid=wqela-vQUdVzCbNVsXO11Q&amp;oh=00_AYF8CgMxo-DWGefshQn-N2SJ6b-nrcy9mh_Yb6THkKjrow&amp;oe=67E8BDEE&quot;,&quot;640&quot;:&quot;https:\\\/\\\/scontent.cdninstagram.com\\\/v\\\/t39.30808-6\\\/482358460_1170644731737715_2442525376441762038_n.jpg?stp=dst-jpg_e35_tt6&amp;_nc_cat=107&amp;ccb=1-7&amp;_nc_sid=18de74&amp;_nc_ohc=Nl0BUrDXfxEQ7kNvgGe9bun&amp;_nc_oc=AdnRR-yq-7vCrD2jSjewnd4cXDDSKOjkD9CbOyjnMDoq8ON9fjIj90RtHnhQK-xTrSM&amp;_nc_zt=23&amp;_nc_ht=scontent.cdninstagram.com&amp;edm=ANo9K5cEAAAA&amp;_nc_gid=wqela-vQUdVzCbNVsXO11Q&amp;oh=00_AYF8CgMxo-DWGefshQn-N2SJ6b-nrcy9mh_Yb6THkKjrow&amp;oe=67E8BDEE&quot;}\">\n\t\t\t<span class=\"sbi-screenreader\">\ud83d\udd2c Inova\u00e7\u00e3o e Ci\u00eancia no IFAM CMC!\n\nNo laborat\u00f3rio <\/span>\n\t\t\t\t\t\t\t\t\t<img decoding=\"async\" src=\"https:\/\/sistemascmc.ifam.edu.br\/informescmc\/wp-content\/plugins\/instagram-feed\/img\/placeholder.png\" alt=\"\ud83d\udd2c Inova\u00e7\u00e3o e Ci\u00eancia no IFAM CMC!\n\nNo laborat\u00f3rio da Central Anal\u00edtica, o egresso do curso de Processos Qu\u00edmicos, agora bolsista do IFAM, dedica-se a um projeto inovador: a cria\u00e7\u00e3o de um geopol\u00edmero flutuante. O objetivo \u00e9 encontrar a melhor composi\u00e7\u00e3o desse material s\u00f3lido, tornando-o eficiente e vi\u00e1vel para diferentes aplica\u00e7\u00f5es.\n\nPara isso, ele utiliza um difrat\u00f4metro de raios X, analisando a composi\u00e7\u00e3o mineral\u00f3gica do material. Antes dessa etapa, as amostras passam por um moinho de bolas de alta energia, transformando-se em p\u00f3 fino para estudo detalhado. Caso a composi\u00e7\u00e3o mineral seja adequada, a pesquisa avan\u00e7a na busca da formula\u00e7\u00e3o ideal. Se n\u00e3o, novas estrat\u00e9gias s\u00e3o tra\u00e7adas para alcan\u00e7ar os melhores resultados.\n\n\ud83d\udca1 Ci\u00eancia aplicada na pr\u00e1tica! Esse \u00e9 o IFAM formando profissionais e impulsionando pesquisas que fazem a diferen\u00e7a. \ud83d\ude80\n\n#IFAMCMC #PesquisaCient\u00edfica #Inova\u00e7\u00e3o #Educa\u00e7\u00e3oQueTransforma\" aria-hidden=\"true\">\n\t\t<\/a>\n\t<\/div>\n<\/div><div class=\"sbi_item sbi_type_carousel sbi_new sbi_transition\"\n\tid=\"sbi_18103896076499976\" data-date=\"1741701135\">\n\t<div class=\"sbi_photo_wrap\">\n\t\t<a class=\"sbi_photo\" href=\"https:\/\/www.instagram.com\/p\/DHD7hLwtzfC\/\" target=\"_blank\" rel=\"noopener nofollow\"\n\t\t\tdata-full-res=\"https:\/\/scontent.cdninstagram.com\/v\/t39.30808-6\/482260673_1170572771744911_3484972385173535179_n.jpg?stp=dst-jpg_e35_tt6&#038;_nc_cat=109&#038;ccb=1-7&#038;_nc_sid=18de74&#038;_nc_ohc=9bsEHFa7ySUQ7kNvgGq4unz&#038;_nc_oc=AdmoeW1RqcBuE_FT2nj58HApreTR31AdquA07W5YcpCBeamloVdLcIv7FRF1RboGZnE&#038;_nc_zt=23&#038;_nc_ht=scontent.cdninstagram.com&#038;edm=ANo9K5cEAAAA&#038;_nc_gid=wqela-vQUdVzCbNVsXO11Q&#038;oh=00_AYETSZ1HO4xDjoi1UAlfOUftKmUGUOotw8zXxKMhz1D6aA&#038;oe=67E8C3FA\"\n\t\t\tdata-img-src-set=\"{&quot;d&quot;:&quot;https:\\\/\\\/scontent.cdninstagram.com\\\/v\\\/t39.30808-6\\\/482260673_1170572771744911_3484972385173535179_n.jpg?stp=dst-jpg_e35_tt6&amp;_nc_cat=109&amp;ccb=1-7&amp;_nc_sid=18de74&amp;_nc_ohc=9bsEHFa7ySUQ7kNvgGq4unz&amp;_nc_oc=AdmoeW1RqcBuE_FT2nj58HApreTR31AdquA07W5YcpCBeamloVdLcIv7FRF1RboGZnE&amp;_nc_zt=23&amp;_nc_ht=scontent.cdninstagram.com&amp;edm=ANo9K5cEAAAA&amp;_nc_gid=wqela-vQUdVzCbNVsXO11Q&amp;oh=00_AYETSZ1HO4xDjoi1UAlfOUftKmUGUOotw8zXxKMhz1D6aA&amp;oe=67E8C3FA&quot;,&quot;150&quot;:&quot;https:\\\/\\\/scontent.cdninstagram.com\\\/v\\\/t39.30808-6\\\/482260673_1170572771744911_3484972385173535179_n.jpg?stp=dst-jpg_e35_tt6&amp;_nc_cat=109&amp;ccb=1-7&amp;_nc_sid=18de74&amp;_nc_ohc=9bsEHFa7ySUQ7kNvgGq4unz&amp;_nc_oc=AdmoeW1RqcBuE_FT2nj58HApreTR31AdquA07W5YcpCBeamloVdLcIv7FRF1RboGZnE&amp;_nc_zt=23&amp;_nc_ht=scontent.cdninstagram.com&amp;edm=ANo9K5cEAAAA&amp;_nc_gid=wqela-vQUdVzCbNVsXO11Q&amp;oh=00_AYETSZ1HO4xDjoi1UAlfOUftKmUGUOotw8zXxKMhz1D6aA&amp;oe=67E8C3FA&quot;,&quot;320&quot;:&quot;https:\\\/\\\/scontent.cdninstagram.com\\\/v\\\/t39.30808-6\\\/482260673_1170572771744911_3484972385173535179_n.jpg?stp=dst-jpg_e35_tt6&amp;_nc_cat=109&amp;ccb=1-7&amp;_nc_sid=18de74&amp;_nc_ohc=9bsEHFa7ySUQ7kNvgGq4unz&amp;_nc_oc=AdmoeW1RqcBuE_FT2nj58HApreTR31AdquA07W5YcpCBeamloVdLcIv7FRF1RboGZnE&amp;_nc_zt=23&amp;_nc_ht=scontent.cdninstagram.com&amp;edm=ANo9K5cEAAAA&amp;_nc_gid=wqela-vQUdVzCbNVsXO11Q&amp;oh=00_AYETSZ1HO4xDjoi1UAlfOUftKmUGUOotw8zXxKMhz1D6aA&amp;oe=67E8C3FA&quot;,&quot;640&quot;:&quot;https:\\\/\\\/scontent.cdninstagram.com\\\/v\\\/t39.30808-6\\\/482260673_1170572771744911_3484972385173535179_n.jpg?stp=dst-jpg_e35_tt6&amp;_nc_cat=109&amp;ccb=1-7&amp;_nc_sid=18de74&amp;_nc_ohc=9bsEHFa7ySUQ7kNvgGq4unz&amp;_nc_oc=AdmoeW1RqcBuE_FT2nj58HApreTR31AdquA07W5YcpCBeamloVdLcIv7FRF1RboGZnE&amp;_nc_zt=23&amp;_nc_ht=scontent.cdninstagram.com&amp;edm=ANo9K5cEAAAA&amp;_nc_gid=wqela-vQUdVzCbNVsXO11Q&amp;oh=00_AYETSZ1HO4xDjoi1UAlfOUftKmUGUOotw8zXxKMhz1D6aA&amp;oe=67E8C3FA&quot;}\">\n\t\t\t<span class=\"sbi-screenreader\">IFAM-CMC realiza aula inaugural do Programa Mulher<\/span>\n\t\t\t<svg class=\"svg-inline--fa fa-clone fa-w-16 sbi_lightbox_carousel_icon\" aria-hidden=\"true\" aria-label=\"Clone\" data-fa-pro\u0192cessed=\"\" data-prefix=\"far\" data-icon=\"clone\" role=\"img\" xmlns=\"http:\/\/www.w3.org\/2000\/svg\" viewBox=\"0 0 512 512\">\n                    <path fill=\"currentColor\" d=\"M464 0H144c-26.51 0-48 21.49-48 48v48H48c-26.51 0-48 21.49-48 48v320c0 26.51 21.49 48 48 48h320c26.51 0 48-21.49 48-48v-48h48c26.51 0 48-21.49 48-48V48c0-26.51-21.49-48-48-48zM362 464H54a6 6 0 0 1-6-6V150a6 6 0 0 1 6-6h42v224c0 26.51 21.49 48 48 48h224v42a6 6 0 0 1-6 6zm96-96H150a6 6 0 0 1-6-6V54a6 6 0 0 1 6-6h308a6 6 0 0 1 6 6v308a6 6 0 0 1-6 6z\"><\/path>\n                <\/svg>\t\t\t\t\t\t<img decoding=\"async\" src=\"https:\/\/sistemascmc.ifam.edu.br\/informescmc\/wp-content\/plugins\/instagram-feed\/img\/placeholder.png\" alt=\"IFAM-CMC realiza aula inaugural do Programa Mulheres Mil e recebe novas alunas\n\nO Instituto Federal do Amazonas - Campus Manaus Centro (IFAM-CMC) realizou, ontem (10\/03), \u00e0s 19h, no audit\u00f3rio CDI 1, a aula inaugural do Programa Mulheres Mil. O programa, executado pela Diretoria de Rela\u00e7\u00f5es Empresariais e Comunit\u00e1rias, promove capacita\u00e7\u00e3o gratuita para mulheres em situa\u00e7\u00e3o de vulnerabilidade social.\n\nNesta edi\u00e7\u00e3o, s\u00e3o ofertados tr\u00eas cursos profissionalizantes, cada um com 160 horas e 31 vagas:\n\nMicroempreendedor Individual (MEI) \u2013 para quem deseja empreender;\n\nIngl\u00eas B\u00e1sico \u2013 ampliando oportunidades no mercado de trabalho;\n\nOperador de Computador \u2013 qualificando para o uso de tecnologias.\n\nDurante a abertura, representantes do IFAM-CMC apresentaram a estrutura dos cursos e destacaram a import\u00e2ncia da qualifica\u00e7\u00e3o profissional. Ex-alunas tamb\u00e9m compartilharam experi\u00eancias, em um v\u00eddeo, sobre como a forma\u00e7\u00e3o transformou suas vidas.\n\nO Programa Mulheres Mil \u00e9 uma iniciativa do Governo Federal e dos Institutos Federais para promover inclus\u00e3o social e autonomia financeira. Com essa nova turma, o IFAM-CMC reafirma seu compromisso com a educa\u00e7\u00e3o e o desenvolvimento comunit\u00e1rio.\" aria-hidden=\"true\">\n\t\t<\/a>\n\t<\/div>\n<\/div><div class=\"sbi_item sbi_type_image sbi_new sbi_transition\"\n\tid=\"sbi_17983694429803159\" data-date=\"1741633788\">\n\t<div class=\"sbi_photo_wrap\">\n\t\t<a class=\"sbi_photo\" href=\"https:\/\/www.instagram.com\/p\/DHB7EEhJjSx\/\" target=\"_blank\" rel=\"noopener nofollow\"\n\t\t\tdata-full-res=\"https:\/\/scontent.cdninstagram.com\/v\/t39.30808-6\/482321675_1169661778502677_5028063182577056247_n.jpg?stp=dst-jpg_e35_tt6&#038;_nc_cat=111&#038;ccb=1-7&#038;_nc_sid=18de74&#038;_nc_ohc=OCIfwGCaX8kQ7kNvgEgP7k0&#038;_nc_oc=AdkGIHJnMOnWwIX0AVoE2k81ZXnyJbV-lTk-4X8D9uj7vFXkxGBZTFW2lUVMo4k1K54&#038;_nc_zt=23&#038;_nc_ht=scontent.cdninstagram.com&#038;edm=ANo9K5cEAAAA&#038;_nc_gid=wqela-vQUdVzCbNVsXO11Q&#038;oh=00_AYFFukGg83EhgaatdZ5h3KpynE9b3d9XR_leuFHgDlUn9Q&#038;oe=67E8AF26\"\n\t\t\tdata-img-src-set=\"{&quot;d&quot;:&quot;https:\\\/\\\/scontent.cdninstagram.com\\\/v\\\/t39.30808-6\\\/482321675_1169661778502677_5028063182577056247_n.jpg?stp=dst-jpg_e35_tt6&amp;_nc_cat=111&amp;ccb=1-7&amp;_nc_sid=18de74&amp;_nc_ohc=OCIfwGCaX8kQ7kNvgEgP7k0&amp;_nc_oc=AdkGIHJnMOnWwIX0AVoE2k81ZXnyJbV-lTk-4X8D9uj7vFXkxGBZTFW2lUVMo4k1K54&amp;_nc_zt=23&amp;_nc_ht=scontent.cdninstagram.com&amp;edm=ANo9K5cEAAAA&amp;_nc_gid=wqela-vQUdVzCbNVsXO11Q&amp;oh=00_AYFFukGg83EhgaatdZ5h3KpynE9b3d9XR_leuFHgDlUn9Q&amp;oe=67E8AF26&quot;,&quot;150&quot;:&quot;https:\\\/\\\/scontent.cdninstagram.com\\\/v\\\/t39.30808-6\\\/482321675_1169661778502677_5028063182577056247_n.jpg?stp=dst-jpg_e35_tt6&amp;_nc_cat=111&amp;ccb=1-7&amp;_nc_sid=18de74&amp;_nc_ohc=OCIfwGCaX8kQ7kNvgEgP7k0&amp;_nc_oc=AdkGIHJnMOnWwIX0AVoE2k81ZXnyJbV-lTk-4X8D9uj7vFXkxGBZTFW2lUVMo4k1K54&amp;_nc_zt=23&amp;_nc_ht=scontent.cdninstagram.com&amp;edm=ANo9K5cEAAAA&amp;_nc_gid=wqela-vQUdVzCbNVsXO11Q&amp;oh=00_AYFFukGg83EhgaatdZ5h3KpynE9b3d9XR_leuFHgDlUn9Q&amp;oe=67E8AF26&quot;,&quot;320&quot;:&quot;https:\\\/\\\/scontent.cdninstagram.com\\\/v\\\/t39.30808-6\\\/482321675_1169661778502677_5028063182577056247_n.jpg?stp=dst-jpg_e35_tt6&amp;_nc_cat=111&amp;ccb=1-7&amp;_nc_sid=18de74&amp;_nc_ohc=OCIfwGCaX8kQ7kNvgEgP7k0&amp;_nc_oc=AdkGIHJnMOnWwIX0AVoE2k81ZXnyJbV-lTk-4X8D9uj7vFXkxGBZTFW2lUVMo4k1K54&amp;_nc_zt=23&amp;_nc_ht=scontent.cdninstagram.com&amp;edm=ANo9K5cEAAAA&amp;_nc_gid=wqela-vQUdVzCbNVsXO11Q&amp;oh=00_AYFFukGg83EhgaatdZ5h3KpynE9b3d9XR_leuFHgDlUn9Q&amp;oe=67E8AF26&quot;,&quot;640&quot;:&quot;https:\\\/\\\/scontent.cdninstagram.com\\\/v\\\/t39.30808-6\\\/482321675_1169661778502677_5028063182577056247_n.jpg?stp=dst-jpg_e35_tt6&amp;_nc_cat=111&amp;ccb=1-7&amp;_nc_sid=18de74&amp;_nc_ohc=OCIfwGCaX8kQ7kNvgEgP7k0&amp;_nc_oc=AdkGIHJnMOnWwIX0AVoE2k81ZXnyJbV-lTk-4X8D9uj7vFXkxGBZTFW2lUVMo4k1K54&amp;_nc_zt=23&amp;_nc_ht=scontent.cdninstagram.com&amp;edm=ANo9K5cEAAAA&amp;_nc_gid=wqela-vQUdVzCbNVsXO11Q&amp;oh=00_AYFFukGg83EhgaatdZ5h3KpynE9b3d9XR_leuFHgDlUn9Q&amp;oe=67E8AF26&quot;}\">\n\t\t\t<span class=\"sbi-screenreader\">\ud83d\udce2 Curso Livre de Compreens\u00e3o de Texto em Espanhol <\/span>\n\t\t\t\t\t\t\t\t\t<img decoding=\"async\" src=\"https:\/\/sistemascmc.ifam.edu.br\/informescmc\/wp-content\/plugins\/instagram-feed\/img\/placeholder.png\" alt=\"\ud83d\udce2 Curso Livre de Compreens\u00e3o de Texto em Espanhol \u2013 Inscri\u00e7\u00f5es Abertas!\n\nO IFAM CMC est\u00e1 com matr\u00edculas abertas para o Curso Livre de Compreens\u00e3o de Texto em Espanhol, uma Atividade Complementar voltada para alunos do Ensino M\u00e9dio Integrado, Subsequente e Licenciaturas.\n\n\ud83d\udcd6 Sobre o curso:\n\u2714\ufe0f Foco na leitura e interpreta\u00e7\u00e3o de textos em espanhol\n\u2714\ufe0f Estudo da gram\u00e1tica e pron\u00fancia contextualizados\n\u2714\ufe0f Aberto a todos os n\u00edveis de conhecimento da l\u00edngua espanhola\n\u2714\ufe0f Carga hor\u00e1ria: 50h\n\u2714\ufe0f Professor: M\u00e1rcio Pinheiro\n\n\ud83d\udcc5 Per\u00edodo de matr\u00edculas: 10\/03 a 21\/03\/25\n\u2705 Inscri\u00e7\u00e3o via Formul\u00e1rio Google conforme disponibilidade de hor\u00e1rios.\n\n\ud83c\udfaf Garanta sua vaga agora!\n\ud83d\udccc Acesse o edital e fa\u00e7a sua inscri\u00e7\u00e3o pelo PORTAL DO IFAM CMC.\n\n#IFAM #CursoLivre #Espanhol #AtividadeComplementar #Educa\u00e7\u00e3o\" aria-hidden=\"true\">\n\t\t<\/a>\n\t<\/div>\n<\/div><div class=\"sbi_item sbi_type_video sbi_new sbi_transition\"\n\tid=\"sbi_18035941634244549\" data-date=\"1741447732\">\n\t<div class=\"sbi_photo_wrap\">\n\t\t<a class=\"sbi_photo\" href=\"https:\/\/www.instagram.com\/reel\/DG8YJbKAcAp\/\" target=\"_blank\" rel=\"noopener nofollow\"\n\t\t\tdata-full-res=\"https:\/\/scontent.cdninstagram.com\/v\/t51.71878-15\/483473650_1571186486904429_7452552170522894080_n.jpg?stp=dst-jpg_e35_tt6&#038;_nc_cat=102&#038;ccb=1-7&#038;_nc_sid=18de74&#038;_nc_ohc=Cn_OdZQHlrAQ7kNvgEa15Yf&#038;_nc_oc=Adlq4i2B8ee4hTzqZLESngxFcfxKmCJ8aVsr0KF3UNaAbgMdklUZQKtARsvRGYGv2N4&#038;_nc_zt=23&#038;_nc_ht=scontent.cdninstagram.com&#038;edm=ANo9K5cEAAAA&#038;_nc_gid=wqela-vQUdVzCbNVsXO11Q&#038;oh=00_AYE9l55nAI-Fz1eqhoVHiNfgjcIZm_GVRrYYxUNB5V_3ag&#038;oe=67E8A1FF\"\n\t\t\tdata-img-src-set=\"{&quot;d&quot;:&quot;https:\\\/\\\/scontent.cdninstagram.com\\\/v\\\/t51.71878-15\\\/483473650_1571186486904429_7452552170522894080_n.jpg?stp=dst-jpg_e35_tt6&amp;_nc_cat=102&amp;ccb=1-7&amp;_nc_sid=18de74&amp;_nc_ohc=Cn_OdZQHlrAQ7kNvgEa15Yf&amp;_nc_oc=Adlq4i2B8ee4hTzqZLESngxFcfxKmCJ8aVsr0KF3UNaAbgMdklUZQKtARsvRGYGv2N4&amp;_nc_zt=23&amp;_nc_ht=scontent.cdninstagram.com&amp;edm=ANo9K5cEAAAA&amp;_nc_gid=wqela-vQUdVzCbNVsXO11Q&amp;oh=00_AYE9l55nAI-Fz1eqhoVHiNfgjcIZm_GVRrYYxUNB5V_3ag&amp;oe=67E8A1FF&quot;,&quot;150&quot;:&quot;https:\\\/\\\/scontent.cdninstagram.com\\\/v\\\/t51.71878-15\\\/483473650_1571186486904429_7452552170522894080_n.jpg?stp=dst-jpg_e35_tt6&amp;_nc_cat=102&amp;ccb=1-7&amp;_nc_sid=18de74&amp;_nc_ohc=Cn_OdZQHlrAQ7kNvgEa15Yf&amp;_nc_oc=Adlq4i2B8ee4hTzqZLESngxFcfxKmCJ8aVsr0KF3UNaAbgMdklUZQKtARsvRGYGv2N4&amp;_nc_zt=23&amp;_nc_ht=scontent.cdninstagram.com&amp;edm=ANo9K5cEAAAA&amp;_nc_gid=wqela-vQUdVzCbNVsXO11Q&amp;oh=00_AYE9l55nAI-Fz1eqhoVHiNfgjcIZm_GVRrYYxUNB5V_3ag&amp;oe=67E8A1FF&quot;,&quot;320&quot;:&quot;https:\\\/\\\/scontent.cdninstagram.com\\\/v\\\/t51.71878-15\\\/483473650_1571186486904429_7452552170522894080_n.jpg?stp=dst-jpg_e35_tt6&amp;_nc_cat=102&amp;ccb=1-7&amp;_nc_sid=18de74&amp;_nc_ohc=Cn_OdZQHlrAQ7kNvgEa15Yf&amp;_nc_oc=Adlq4i2B8ee4hTzqZLESngxFcfxKmCJ8aVsr0KF3UNaAbgMdklUZQKtARsvRGYGv2N4&amp;_nc_zt=23&amp;_nc_ht=scontent.cdninstagram.com&amp;edm=ANo9K5cEAAAA&amp;_nc_gid=wqela-vQUdVzCbNVsXO11Q&amp;oh=00_AYE9l55nAI-Fz1eqhoVHiNfgjcIZm_GVRrYYxUNB5V_3ag&amp;oe=67E8A1FF&quot;,&quot;640&quot;:&quot;https:\\\/\\\/scontent.cdninstagram.com\\\/v\\\/t51.71878-15\\\/483473650_1571186486904429_7452552170522894080_n.jpg?stp=dst-jpg_e35_tt6&amp;_nc_cat=102&amp;ccb=1-7&amp;_nc_sid=18de74&amp;_nc_ohc=Cn_OdZQHlrAQ7kNvgEa15Yf&amp;_nc_oc=Adlq4i2B8ee4hTzqZLESngxFcfxKmCJ8aVsr0KF3UNaAbgMdklUZQKtARsvRGYGv2N4&amp;_nc_zt=23&amp;_nc_ht=scontent.cdninstagram.com&amp;edm=ANo9K5cEAAAA&amp;_nc_gid=wqela-vQUdVzCbNVsXO11Q&amp;oh=00_AYE9l55nAI-Fz1eqhoVHiNfgjcIZm_GVRrYYxUNB5V_3ag&amp;oe=67E8A1FF&quot;}\">\n\t\t\t<span class=\"sbi-screenreader\">8 de Mar\u00e7o \u2013 Dia Internacional da Mulher\n\nNo IFAM-<\/span>\n\t\t\t\t\t\t<svg style=\"color: rgba(255,255,255,1)\" class=\"svg-inline--fa fa-play fa-w-14 sbi_playbtn\" aria-label=\"Play\" aria-hidden=\"true\" data-fa-processed=\"\" data-prefix=\"fa\" data-icon=\"play\" role=\"presentation\" xmlns=\"http:\/\/www.w3.org\/2000\/svg\" viewBox=\"0 0 448 512\"><path fill=\"currentColor\" d=\"M424.4 214.7L72.4 6.6C43.8-10.3 0 6.1 0 47.9V464c0 37.5 40.7 60.1 72.4 41.3l352-208c31.4-18.5 31.5-64.1 0-82.6z\"><\/path><\/svg>\t\t\t<img decoding=\"async\" src=\"https:\/\/sistemascmc.ifam.edu.br\/informescmc\/wp-content\/plugins\/instagram-feed\/img\/placeholder.png\" alt=\"8 de Mar\u00e7o \u2013 Dia Internacional da Mulher\n\nNo IFAM-CMC, acreditamos no poder do conhecimento para transformar realidades. Celebramos todas as mulheres que inspiram, inovam e fazem a diferen\u00e7a na educa\u00e7\u00e3o, na ci\u00eancia e na sociedade. Que a busca pelo aprendizado e pela equidade continue fortalecendo cada jornada! \n\n#DiaInternacionalDaMulher #IFAMCMC\" aria-hidden=\"true\">\n\t\t<\/a>\n\t<\/div>\n<\/div><div class=\"sbi_item sbi_type_image sbi_new sbi_transition\"\n\tid=\"sbi_17845598199429265\" data-date=\"1741280993\">\n\t<div class=\"sbi_photo_wrap\">\n\t\t<a class=\"sbi_photo\" href=\"https:\/\/www.instagram.com\/p\/DG3aKMjPhOy\/\" target=\"_blank\" rel=\"noopener nofollow\"\n\t\t\tdata-full-res=\"https:\/\/scontent.cdninstagram.com\/v\/t39.30808-6\/481669015_1166112162190972_4671977398744369495_n.jpg?stp=dst-jpg_e35_tt6&#038;_nc_cat=108&#038;ccb=1-7&#038;_nc_sid=18de74&#038;_nc_ohc=vfvbKYtgi44Q7kNvgE2vMtJ&#038;_nc_oc=Adl44Xg9fURTJ9EzOZWMgmLZLL9fJYKcUOcILLsI24_BFaiftYSXpD5xD8ldp9T8WVQ&#038;_nc_zt=23&#038;_nc_ht=scontent.cdninstagram.com&#038;edm=ANo9K5cEAAAA&#038;_nc_gid=wqela-vQUdVzCbNVsXO11Q&#038;oh=00_AYFwtmkXk5sqG3EidSzhPyuRBlMehiTCaB5tQC_hcM-k5w&#038;oe=67E8C79A\"\n\t\t\tdata-img-src-set=\"{&quot;d&quot;:&quot;https:\\\/\\\/scontent.cdninstagram.com\\\/v\\\/t39.30808-6\\\/481669015_1166112162190972_4671977398744369495_n.jpg?stp=dst-jpg_e35_tt6&amp;_nc_cat=108&amp;ccb=1-7&amp;_nc_sid=18de74&amp;_nc_ohc=vfvbKYtgi44Q7kNvgE2vMtJ&amp;_nc_oc=Adl44Xg9fURTJ9EzOZWMgmLZLL9fJYKcUOcILLsI24_BFaiftYSXpD5xD8ldp9T8WVQ&amp;_nc_zt=23&amp;_nc_ht=scontent.cdninstagram.com&amp;edm=ANo9K5cEAAAA&amp;_nc_gid=wqela-vQUdVzCbNVsXO11Q&amp;oh=00_AYFwtmkXk5sqG3EidSzhPyuRBlMehiTCaB5tQC_hcM-k5w&amp;oe=67E8C79A&quot;,&quot;150&quot;:&quot;https:\\\/\\\/scontent.cdninstagram.com\\\/v\\\/t39.30808-6\\\/481669015_1166112162190972_4671977398744369495_n.jpg?stp=dst-jpg_e35_tt6&amp;_nc_cat=108&amp;ccb=1-7&amp;_nc_sid=18de74&amp;_nc_ohc=vfvbKYtgi44Q7kNvgE2vMtJ&amp;_nc_oc=Adl44Xg9fURTJ9EzOZWMgmLZLL9fJYKcUOcILLsI24_BFaiftYSXpD5xD8ldp9T8WVQ&amp;_nc_zt=23&amp;_nc_ht=scontent.cdninstagram.com&amp;edm=ANo9K5cEAAAA&amp;_nc_gid=wqela-vQUdVzCbNVsXO11Q&amp;oh=00_AYFwtmkXk5sqG3EidSzhPyuRBlMehiTCaB5tQC_hcM-k5w&amp;oe=67E8C79A&quot;,&quot;320&quot;:&quot;https:\\\/\\\/scontent.cdninstagram.com\\\/v\\\/t39.30808-6\\\/481669015_1166112162190972_4671977398744369495_n.jpg?stp=dst-jpg_e35_tt6&amp;_nc_cat=108&amp;ccb=1-7&amp;_nc_sid=18de74&amp;_nc_ohc=vfvbKYtgi44Q7kNvgE2vMtJ&amp;_nc_oc=Adl44Xg9fURTJ9EzOZWMgmLZLL9fJYKcUOcILLsI24_BFaiftYSXpD5xD8ldp9T8WVQ&amp;_nc_zt=23&amp;_nc_ht=scontent.cdninstagram.com&amp;edm=ANo9K5cEAAAA&amp;_nc_gid=wqela-vQUdVzCbNVsXO11Q&amp;oh=00_AYFwtmkXk5sqG3EidSzhPyuRBlMehiTCaB5tQC_hcM-k5w&amp;oe=67E8C79A&quot;,&quot;640&quot;:&quot;https:\\\/\\\/scontent.cdninstagram.com\\\/v\\\/t39.30808-6\\\/481669015_1166112162190972_4671977398744369495_n.jpg?stp=dst-jpg_e35_tt6&amp;_nc_cat=108&amp;ccb=1-7&amp;_nc_sid=18de74&amp;_nc_ohc=vfvbKYtgi44Q7kNvgE2vMtJ&amp;_nc_oc=Adl44Xg9fURTJ9EzOZWMgmLZLL9fJYKcUOcILLsI24_BFaiftYSXpD5xD8ldp9T8WVQ&amp;_nc_zt=23&amp;_nc_ht=scontent.cdninstagram.com&amp;edm=ANo9K5cEAAAA&amp;_nc_gid=wqela-vQUdVzCbNVsXO11Q&amp;oh=00_AYFwtmkXk5sqG3EidSzhPyuRBlMehiTCaB5tQC_hcM-k5w&amp;oe=67E8C79A&quot;}\">\n\t\t\t<span class=\"sbi-screenreader\">Saberes e pr\u00e1ticas educativas em destaque:\n\nFortal<\/span>\n\t\t\t\t\t\t\t\t\t<img decoding=\"async\" src=\"https:\/\/sistemascmc.ifam.edu.br\/informescmc\/wp-content\/plugins\/instagram-feed\/img\/placeholder.png\" alt=\"Saberes e pr\u00e1ticas educativas em destaque:\n\nFortalecendo o papel do educador no espa\u00e7o de sua atua\u00e7\u00e3o.\n\nHor\u00e1rio: das 13h \u00e0s 18h e das 18h30 \u00e0s 20h30.\n\nLocal: Audit\u00f3rio Jorge Alberto Furtado\/ Salas de aula.\" aria-hidden=\"true\">\n\t\t<\/a>\n\t<\/div>\n<\/div>\t<\/div>\n\n\t<div id=\"sbi_load\" >\n\n\t\t\t<button class=\"sbi_load_btn\"\n\t\t\ttype=\"button\" >\n\t\t\t<span class=\"sbi_btn_text\" >Carregar mais<\/span>\n\t\t\t<span class=\"sbi_loader sbi_hidden\" style=\"background-color: rgb(255, 255, 255);\" aria-hidden=\"true\"><\/span>\n\t\t<\/button>\n\t\n\t\t\t<span class=\"sbi_follow_btn sbi_custom\" >\n\t\t\t<a target=\"_blank\"\n\t\t\t\trel=\"nofollow noopener\"  href=\"https:\/\/www.instagram.com\/ifamnaticoscmc\/\" style=\"background: rgb(64,139,209);\">\n\t\t\t\t<svg class=\"svg-inline--fa fa-instagram fa-w-14\" aria-hidden=\"true\" data-fa-processed=\"\" aria-label=\"Instagram\" data-prefix=\"fab\" data-icon=\"instagram\" role=\"img\" viewBox=\"0 0 448 512\">\n                    <path fill=\"currentColor\" d=\"M224.1 141c-63.6 0-114.9 51.3-114.9 114.9s51.3 114.9 114.9 114.9S339 319.5 339 255.9 287.7 141 224.1 141zm0 189.6c-41.1 0-74.7-33.5-74.7-74.7s33.5-74.7 74.7-74.7 74.7 33.5 74.7 74.7-33.6 74.7-74.7 74.7zm146.4-194.3c0 14.9-12 26.8-26.8 26.8-14.9 0-26.8-12-26.8-26.8s12-26.8 26.8-26.8 26.8 12 26.8 26.8zm76.1 27.2c-1.7-35.9-9.9-67.7-36.2-93.9-26.2-26.2-58-34.4-93.9-36.2-37-2.1-147.9-2.1-184.9 0-35.8 1.7-67.6 9.9-93.9 36.1s-34.4 58-36.2 93.9c-2.1 37-2.1 147.9 0 184.9 1.7 35.9 9.9 67.7 36.2 93.9s58 34.4 93.9 36.2c37 2.1 147.9 2.1 184.9 0 35.9-1.7 67.7-9.9 93.9-36.2 26.2-26.2 34.4-58 36.2-93.9 2.1-37 2.1-147.8 0-184.8zM398.8 388c-7.8 19.6-22.9 34.7-42.6 42.6-29.5 11.7-99.5 9-132.1 9s-102.7 2.6-132.1-9c-19.6-7.8-34.7-22.9-42.6-42.6-11.7-29.5-9-99.5-9-132.1s-2.6-102.7 9-132.1c7.8-19.6 22.9-34.7 42.6-42.6 29.5-11.7 99.5-9 132.1-9s102.7-2.6 132.1 9c19.6 7.8 34.7 22.9 42.6 42.6 11.7 29.5 9 99.5 9 132.1s2.7 102.7-9 132.1z\"><\/path>\n                <\/svg>\t\t\t\t<span>Seguir no Instagram<\/span>\n\t\t\t<\/a>\n\t\t<\/span>\n\t\n<\/div>\n\t\t<span class=\"sbi_resized_image_data\" data-feed-id=\"*2\"\n\t\t  data-resized=\"{&quot;17845598199429265&quot;:{&quot;id&quot;:&quot;481669015_1166112162190972_4671977398744369495_n&quot;,&quot;ratio&quot;:&quot;0.80&quot;,&quot;sizes&quot;:{&quot;full&quot;:640,&quot;low&quot;:320,&quot;thumb&quot;:150},&quot;extension&quot;:&quot;.webp&quot;},&quot;18035941634244549&quot;:{&quot;id&quot;:&quot;483473650_1571186486904429_7452552170522894080_n&quot;,&quot;ratio&quot;:&quot;0.79&quot;,&quot;sizes&quot;:{&quot;full&quot;:640,&quot;low&quot;:320,&quot;thumb&quot;:150},&quot;extension&quot;:&quot;.webp&quot;},&quot;17983694429803159&quot;:{&quot;id&quot;:&quot;482321675_1169661778502677_5028063182577056247_n&quot;,&quot;ratio&quot;:&quot;1.50&quot;,&quot;sizes&quot;:{&quot;full&quot;:640,&quot;low&quot;:320,&quot;thumb&quot;:150},&quot;extension&quot;:&quot;.webp&quot;},&quot;18300728095233001&quot;:{&quot;id&quot;:&quot;482358460_1170644731737715_2442525376441762038_n&quot;,&quot;ratio&quot;:&quot;1.00&quot;,&quot;sizes&quot;:{&quot;full&quot;:640,&quot;low&quot;:320,&quot;thumb&quot;:150},&quot;extension&quot;:&quot;.webp&quot;},&quot;18103896076499976&quot;:{&quot;id&quot;:&quot;482260673_1170572771744911_3484972385173535179_n&quot;,&quot;ratio&quot;:&quot;1.91&quot;,&quot;sizes&quot;:{&quot;full&quot;:640,&quot;low&quot;:320,&quot;thumb&quot;:150},&quot;extension&quot;:&quot;.webp&quot;},&quot;18048698153259900&quot;:{&quot;id&quot;:&quot;484044377_1170763088392546_488200841116239920_n&quot;,&quot;ratio&quot;:&quot;1.00&quot;,&quot;sizes&quot;:{&quot;full&quot;:640,&quot;low&quot;:320,&quot;thumb&quot;:150},&quot;extension&quot;:&quot;.webp&quot;},&quot;18041590091437162&quot;:{&quot;id&quot;:&quot;484051479_1171568374978684_7432357410990756504_n&quot;,&quot;ratio&quot;:&quot;0.80&quot;,&quot;sizes&quot;:{&quot;full&quot;:640,&quot;low&quot;:320,&quot;thumb&quot;:150},&quot;extension&quot;:&quot;.webp&quot;},&quot;18082550287721008&quot;:{&quot;id&quot;:&quot;483883541_1657864661521738_432351270046970635_n.heic&quot;,&quot;ratio&quot;:&quot;1.00&quot;,&quot;sizes&quot;:{&quot;full&quot;:640,&quot;low&quot;:320,&quot;thumb&quot;:150},&quot;extension&quot;:&quot;.webp&quot;},&quot;17960588372903874&quot;:{&quot;id&quot;:&quot;484229429_1172539868214868_1033106576605305788_n&quot;,&quot;ratio&quot;:&quot;1.00&quot;,&quot;sizes&quot;:{&quot;full&quot;:640,&quot;low&quot;:320,&quot;thumb&quot;:150},&quot;extension&quot;:&quot;.webp&quot;},&quot;18066037660745951&quot;:{&quot;id&quot;:&quot;484869162_1175865224548999_2251143386978462521_n&quot;,&quot;ratio&quot;:&quot;0.80&quot;,&quot;sizes&quot;:{&quot;full&quot;:640,&quot;low&quot;:320,&quot;thumb&quot;:150},&quot;extension&quot;:&quot;.webp&quot;},&quot;18037355015229971&quot;:{&quot;id&quot;:&quot;484105158_1176774247791430_7795231480509390030_n&quot;,&quot;ratio&quot;:&quot;1.00&quot;,&quot;sizes&quot;:{&quot;full&quot;:640,&quot;low&quot;:320,&quot;thumb&quot;:150},&quot;extension&quot;:&quot;.webp&quot;},&quot;18353538310179418&quot;:{&quot;id&quot;:&quot;485015431_1176768327792022_9187845430722363664_n&quot;,&quot;ratio&quot;:&quot;0.80&quot;,&quot;sizes&quot;:{&quot;full&quot;:640,&quot;low&quot;:320,&quot;thumb&quot;:150},&quot;extension&quot;:&quot;.webp&quot;},&quot;18263048341273606&quot;:{&quot;id&quot;:&quot;485160418_1176985284436993_4206605081321117258_n&quot;,&quot;ratio&quot;:&quot;0.80&quot;,&quot;sizes&quot;:{&quot;full&quot;:640,&quot;low&quot;:320,&quot;thumb&quot;:150},&quot;extension&quot;:&quot;.webp&quot;},&quot;18079305883657028&quot;:{&quot;id&quot;:&quot;485075284_1176981407770714_8297551595193362595_n&quot;,&quot;ratio&quot;:&quot;0.80&quot;,&quot;sizes&quot;:{&quot;full&quot;:640,&quot;low&quot;:320,&quot;thumb&quot;:150},&quot;extension&quot;:&quot;.webp&quot;},&quot;18295241062172035&quot;:{&quot;id&quot;:&quot;484527049_1176952117773643_5663778954312148699_n&quot;,&quot;ratio&quot;:&quot;0.80&quot;,&quot;sizes&quot;:{&quot;full&quot;:640,&quot;low&quot;:320,&quot;thumb&quot;:150},&quot;extension&quot;:&quot;.webp&quot;},&quot;17896499019175638&quot;:{&quot;id&quot;:&quot;485274604_1239425904861811_1083680202753999525_n.heic&quot;,&quot;ratio&quot;:&quot;1.33&quot;,&quot;sizes&quot;:{&quot;full&quot;:640,&quot;low&quot;:320,&quot;thumb&quot;:150},&quot;extension&quot;:&quot;.webp&quot;},&quot;18059287655008205&quot;:{&quot;id&quot;:&quot;485794364_1177906694344852_6298742168529220538_n&quot;,&quot;ratio&quot;:&quot;1.91&quot;,&quot;sizes&quot;:{&quot;full&quot;:640,&quot;low&quot;:320,&quot;thumb&quot;:150},&quot;extension&quot;:&quot;.webp&quot;},&quot;18097979887521013&quot;:{&quot;id&quot;:&quot;485874448_1385379535958687_7852811012770924404_n.heic&quot;,&quot;ratio&quot;:&quot;0.81&quot;,&quot;sizes&quot;:{&quot;full&quot;:640,&quot;low&quot;:320,&quot;thumb&quot;:150},&quot;extension&quot;:&quot;.webp&quot;},&quot;17870404074335897&quot;:{&quot;id&quot;:&quot;486306794_1182563263879195_7385804672495523208_n&quot;,&quot;ratio&quot;:&quot;1.91&quot;,&quot;sizes&quot;:{&quot;full&quot;:640,&quot;low&quot;:320,&quot;thumb&quot;:150},&quot;extension&quot;:&quot;.webp&quot;},&quot;18038777105205965&quot;:{&quot;id&quot;:&quot;486498002_1182688437200011_7701919258329802638_n&quot;,&quot;ratio&quot;:&quot;0.80&quot;,&quot;sizes&quot;:{&quot;full&quot;:640,&quot;low&quot;:320,&quot;thumb&quot;:150},&quot;extension&quot;:&quot;.webp&quot;}}\">\n\t<\/span>\n\t<\/div>\n\n\t\t\t\t<\/div>\n\t\t\t\t<\/div>\n\t\t\t\t\t<\/div>\n\t\t\t\t<\/div>\n\t\t\t\t<\/div>\n\t\t","protected":false},"excerpt":{"rendered":"<p>Not\u00edcias, Eventos e Editais, acesse: PORTAL IFAM-CMC Compartilhamento de fotos e v\u00eddeos dos eventos do IFAM CMC Servidores WEBMAIL SIPAC PONTO ELETR\u00d4NICO ALUNOS SIG-A BIBLIOTECA ifamnaticoscmc Instagram oficial do IFAM CMC Not\u00edcias Editais Eventos IFAM CMC disponibiliza tutorial para inscri\u00e7\u00e3o n INSCRI\u00c7\u00c3O PARA O PROGRAMA SOCIOASSISTENCIAL ESTU \ud83c\udf93 Quer uma Bolsa CAPES para o Mestrado [&hellip;]<\/p>\n","protected":false},"author":2,"featured_media":0,"parent":0,"menu_order":0,"comment_status":"closed","ping_status":"closed","template":"elementor_canvas","meta":{"_monsterinsights_skip_tracking":false,"_monsterinsights_sitenote_active":false,"_monsterinsights_sitenote_note":"","_monsterinsights_sitenote_category":0,"footnotes":""},"class_list":["post-36","page","type-page","status-publish","hentry"],"aioseo_notices":[],"_links":{"self":[{"href":"https:\/\/sistemascmc.ifam.edu.br\/informescmc\/index.php\/wp-json\/wp\/v2\/pages\/36","targetHints":{"allow":["GET"]}}],"collection":[{"href":"https:\/\/sistemascmc.ifam.edu.br\/informescmc\/index.php\/wp-json\/wp\/v2\/pages"}],"about":[{"href":"https:\/\/sistemascmc.ifam.edu.br\/informescmc\/index.php\/wp-json\/wp\/v2\/types\/page"}],"author":[{"embeddable":true,"href":"https:\/\/sistemascmc.ifam.edu.br\/informescmc\/index.php\/wp-json\/wp\/v2\/users\/2"}],"replies":[{"embeddable":true,"href":"https:\/\/sistemascmc.ifam.edu.br\/informescmc\/index.php\/wp-json\/wp\/v2\/comments?post=36"}],"version-history":[{"count":125,"href":"https:\/\/sistemascmc.ifam.edu.br\/informescmc\/index.php\/wp-json\/wp\/v2\/pages\/36\/revisions"}],"predecessor-version":[{"id":225,"href":"https:\/\/sistemascmc.ifam.edu.br\/informescmc\/index.php\/wp-json\/wp\/v2\/pages\/36\/revisions\/225"}],"wp:attachment":[{"href":"https:\/\/sistemascmc.ifam.edu.br\/informescmc\/index.php\/wp-json\/wp\/v2\/media?parent=36"}],"curies":[{"name":"wp","href":"https:\/\/api.w.org\/{rel}","templated":true}]}}